{"id":2,"date":"2019-02-19T13:44:00","date_gmt":"2019-02-19T12:44:00","guid":{"rendered":"http:\/\/batuvodkazevrope.cz\/?page_id=2"},"modified":"2024-04-21T21:57:33","modified_gmt":"2024-04-21T19:57:33","slug":"medailonek","status":"publish","type":"page","link":"https:\/\/batuvodkazsvetu.cz\/index.php\/domu\/medailonek\/","title":{"rendered":"\u0158e\u010dn\u00edci"},"content":{"rendered":"\n<div id=\"adamek\" class=\"wp-block-group has-global-padding is-layout-constrained wp-block-group-is-layout-constrained\">\n<figure class=\"wp-block-image alignright size-full is-resized is-style-rounded\"><img loading=\"lazy\" decoding=\"async\" width=\"150\" height=\"150\" src=\"https:\/\/batuvodkazsvetu.cz\/wp-content\/uploads\/2023\/12\/adamek.jpg\" alt=\"\" class=\"wp-image-2587\" style=\"object-fit:cover;width:150px;height:150px\"\/><\/figure>\n\n\n\n<h2 class=\"wp-block-heading\"><strong>Milan AD\u00c1MEK<\/strong> <strong>&#8211; UTB ve Zl\u00edn\u011b<\/strong><\/h2>\n\n\n\n<p>Profesor Milan Ad\u00e1mek je se zl\u00ednskou univerzitou spjat ji\u017e 25 let. Profesn\u011b se zam\u011b\u0159uje na obory bezpe\u010dnostn\u00ed technologie a m\u011b\u0159en\u00ed. Absolvoval doktorsk\u00fd studijn\u00ed obor Technick\u00e1 kybernetika na Fakult\u011b technologick\u00e9 UTB ve Zl\u00edn\u011b. V roce 2008 se habilitoval a v roce 2022 byl jmenov\u00e1n profesorem pro obor \u0158\u00edzen\u00ed stroj\u016f a proces\u016f.<br>Po vzniku Fakulty aplikovan\u00e9 informatiky v roce 2006 se stal jej\u00edm prod\u011bkanem a v letech 2014 \u2013 2022 p\u016fsobil na postu d\u011bkana t\u00e9to fakulty. T\u00edm se v\u00fdznamn\u011b pod\u00edlel na jej\u00edm rozvoji i na vybudov\u00e1n\u00ed V\u011bdeckotechnick\u00e9ho parku ICT a v\u00fdzkumn\u00e9ho centra CEBIA-Tech.<br>Do funkce rektora byl prof. Ad\u00e1mek zvolen Akademick\u00fdm sen\u00e1tem Univerzity Tom\u00e1\u0161e Bati 20. z\u00e1\u0159\u00ed 2022 a jmenov\u00e1n tehdej\u0161\u00edm prezidentem \u010cR Milo\u0161em Zemanem (s \u00fa\u010dinnost\u00ed od 15. prosince 2022.)<\/p>\n<\/div>\n\n\n\n<div id=\"batka\" class=\"wp-block-group has-global-padding is-layout-constrained wp-block-group-is-layout-constrained\">\n<figure class=\"wp-block-image alignright size-full is-resized is-style-rounded\"><img loading=\"lazy\" decoding=\"async\" width=\"150\" height=\"150\" src=\"https:\/\/batuvodkazsvetu.cz\/wp-content\/uploads\/2024\/03\/Ivan-Batka.jpg\" alt=\"\" class=\"wp-image-3013\" style=\"object-fit:cover;width:150px;height:150px\"\/><\/figure>\n\n\n\n<h2 class=\"wp-block-heading\"><strong>Ivan BA\u0164KA<\/strong> <strong>&#8211; Fosfa, a.s.<\/strong><\/h2>\n\n\n\n<p>\u010cesk\u00fd podnikatel, gener\u00e1ln\u00ed \u0159editel a jedin\u00fd akcion\u00e1\u0159 b\u0159eclavsk\u00e9 spole\u010dnosti Fosfa. Vystudoval zahrani\u010dn\u00ed obchod na Vysok\u00e9 \u0161kole ekonomick\u00e9 v Praze. Po roce 1989 za\u010dal podnikat, v roce 2002 p\u0159evzal siln\u011b p\u0159edlu\u017eenou b\u0159eclavskou chemi\u010dku, kter\u00e9 hrozil bankrot, a s viz\u00ed vybudovat sv\u011btov\u011b \u00fasp\u011b\u0161n\u00fd podnik ji za\u010dal transformovat do modern\u00ed podoby sou\u010dasn\u00e9 v\u00fdrobn\u011b inovativn\u00ed spole\u010dnosti se \u0161irok\u00fdm z\u00e1b\u011brem. Je obdivovatelem bratr\u016f Tom\u00e1\u0161e a Jana Anton\u00edna Ba\u0165ov\u00fdch a jejich podnikatelsk\u00fdch princip\u016f a idej\u00ed, kter\u00e9 uplat\u0148uje v praxi. Jeho n\u00e1zory formovali zakladatel Kaizen institutu Masaaki Imai a \u010desko-americk\u00fd ekonom Milan Zelen\u00fd, kter\u00fd pat\u0159il k&nbsp;jeho mentor\u016fm a osobn\u00edm p\u0159\u00e1tel\u016fm. Ivan Ba\u0165ka a Fosfa se krom\u011b r\u016fzn\u00fdch soci\u00e1ln\u00edch projekt\u016f v\u011bnuj\u00ed tak\u00e9 v \u0161ir\u0161\u00edm kontextu podpo\u0159e sportu (Fosfa Sport) a vzd\u011bl\u00e1v\u00e1n\u00ed (Fosfa Edu), p\u0159edev\u0161\u00edm v b\u0159eclavsk\u00e9m regionu. Fosfa je gener\u00e1ln\u00edm partnerem \u010cesk\u00e9ho olympijsk\u00e9ho t\u00fdmu.<\/p>\n<\/div>\n\n\n\n<div id=\"gevorkyan\" class=\"wp-block-group has-global-padding is-layout-constrained wp-block-group-is-layout-constrained\">\n<figure class=\"wp-block-image alignright size-full is-resized is-style-rounded\"><img loading=\"lazy\" decoding=\"async\" width=\"150\" height=\"152\" src=\"https:\/\/batuvodkazsvetu.cz\/wp-content\/uploads\/2023\/12\/GEVORKYAN.jpg\" alt=\"\" class=\"wp-image-2398\" style=\"object-fit:cover;width:150px;height:150px\"\/><\/figure>\n\n\n\n<h2 class=\"wp-block-heading\"><strong>Artur GEVORKYAN<\/strong> <strong>&#8211; Gevorkyan Vlkanov\u00e1<\/strong><\/h2>\n\n\n\n<p>Artur Gevorkyan, vojensk\u00fd leteck\u00fd in\u017een\u00fdr, zakladatel a p\u0159edseda p\u0159edstavenstva firmy GEVORKYAN, a.s., kter\u00e1 pat\u0159\u00ed mezi nejinovativn\u011bj\u0161\u00ed spole\u010dnosti v oboru pr\u00e1\u0161kov\u00e9 metalurgie. V roce 1991 zalo\u017eil prvn\u00ed soukrom\u00fd z\u00e1vod na Ukrajin\u011b na plo\u0161e pouh\u00fdch 4m2. Po 5 letech, v dob\u011b kdy jeho firma ovl\u00e1dla dom\u00e1c\u00ed trh, ale nena\u0161el p\u0159\u00edle\u017eitosti pro glob\u00e1ln\u00ed roz\u0161\u00ed\u0159en\u00ed, se rozhodnul pro nov\u00fd za\u010d\u00e1tek v Evrop\u011b. V roce 1996 na Slovensku v Banskej Bystrici, pronajal 30m2 b\u00fdval\u00fdch \u0161aten v are\u00e1lu krachuj\u00edc\u00edho podniku. T\u00edm polo\u017eil z\u00e1klady dnes sv\u011btozn\u00e1m\u00e9 firmy, kter\u00e1 ro\u010dn\u011b roste v des\u00edtk\u00e1ch procent. Jeho p\u0159\u00edb\u011bh je d\u016fkazem, \u017ee adaptace v byznysu je kl\u00ed\u010dov\u00e1, kvalita buduje d\u016fv\u011bru a f\u00e9rov\u00e9 jedn\u00e1n\u00ed se v\u017edy vr\u00e1t\u00ed, proto je v logu firmy bumerang. D\u00e1v\u00e1 \u0161anci talent\u016fm, obdivuje \u201emaka\u010de\u201c. Ba\u0165ovy principy skloubil s radik\u00e1ln\u00ed transparentnost\u00ed.<\/p>\n<\/div>\n\n\n\n<div id=\"hampl\" class=\"wp-block-group has-global-padding is-layout-constrained wp-block-group-is-layout-constrained\">\n<figure class=\"wp-block-image alignright size-full is-resized is-style-rounded\"><img loading=\"lazy\" decoding=\"async\" width=\"150\" height=\"150\" src=\"https:\/\/batuvodkazsvetu.cz\/wp-content\/uploads\/2023\/12\/hampl.jpg\" alt=\"\" class=\"wp-image-2430\" style=\"object-fit:cover;width:150px;height:150px\"\/><\/figure>\n\n\n\n<h2 class=\"wp-block-heading\"><strong>Mojm\u00edr HAMPL<\/strong> <strong>&#8211; N\u00e1rodn\u00ed rozpo\u010dtov\u00e1 rada<\/strong><\/h2>\n\n\n\n<p>V\u00fdznamn\u00fd \u010desk\u00fd ekonom Mojm\u00edr Hampl zah\u00e1jil svou pracovn\u00ed kari\u00e9ru v roce 1998 na pozici analytika v m\u011bnov\u00e9 sekci \u010cNB. V letech 2002 a\u017e 2004 pak p\u016fsobil jako makroekonom v \u010cesk\u00e9 spo\u0159iteln\u011b \u2013 ERSTE Group. Od roku 2004 do roku 2006 pracoval jako \u010dlen p\u0159edstavenstva a vrchn\u00ed \u0159editel \u010cesk\u00e9 konsolida\u010dn\u00ed agentury. V roce 2006 byl zvolen \u010dlenem Bankovn\u00ed rady \u010cNB, kde od b\u0159ezna 2008 do listopadu 2018 zast\u00e1val funkci viceguvern\u00e9ra. Od roku 2019 do roku 2021 byl \u0159editelem slu\u017eeb pro finan\u010dn\u00ed sektor spole\u010dnosti KPMG \u010cesk\u00e1 republika. Je autorem mnoha odborn\u00fdch ale i popul\u00e1rn\u011b nau\u010dn\u00fdch \u010dl\u00e1nk\u016f a publikac\u00ed z oblast\u00ed jeho z\u00e1jmu, mezi kter\u00e9 pat\u0159\u00ed makroekonomie, ekonomick\u00e1 historie \u010di kryptoaktiva. P\u0159edn\u00e1\u0161el na \u0159ad\u011b m\u00edst sv\u011bta, zejm\u00e9na o m\u011bnov\u00e9 politice a centr\u00e1ln\u00edm bankovnictv\u00ed. Od \u010dervence 2022 je p\u0159edsedou N\u00e1rodn\u00ed rozpo\u010dtov\u00e9 rady.<\/p>\n<\/div>\n\n\n\n<div id=\"horska\" class=\"wp-block-group has-global-padding is-layout-constrained wp-block-group-is-layout-constrained\">\n<figure class=\"wp-block-image alignright size-full is-resized is-style-rounded\"><img loading=\"lazy\" decoding=\"async\" width=\"300\" height=\"300\" src=\"https:\/\/batuvodkazsvetu.cz\/wp-content\/uploads\/2023\/12\/horska.png\" alt=\"\" class=\"wp-image-2818\" style=\"object-fit:cover;width:150px;height:150px\" srcset=\"https:\/\/batuvodkazsvetu.cz\/wp-content\/uploads\/2023\/12\/horska.png 300w, https:\/\/batuvodkazsvetu.cz\/wp-content\/uploads\/2023\/12\/horska-150x150.png 150w\" sizes=\"auto, (max-width: 300px) 100vw, 300px\" \/><\/figure>\n\n\n\n<h2 class=\"wp-block-heading\"><strong>Helena HORSK\u00c1<\/strong> <strong>&#8211; Raiffeisenbank<\/strong><\/h2>\n\n\n\n<p>Helena Horsk\u00e1 v sou\u010dasn\u00e9 dob\u011b p\u016fsob\u00ed na pozici hlavn\u00ed ekonomky Raiffeisenbank a.s. a \u010dlenky Dozor\u010d\u00ed rady Raiffeisenbank a.s. Nyn\u00ed p\u016fsob\u00ed tak\u00e9 jako nez\u00e1visl\u00e1 \u010dlenka poradn\u00edho t\u00fdmu premi\u00e9ra \u010cR Petra Fialy a N\u00e1rodn\u00ed ekonomick\u00e9 rady vl\u00e1dy. Byla jmenov\u00e1na i \u010dlenkou poradn\u00edho org\u00e1nu p\u0159i MPSV zab\u00fdvaj\u00edc\u00ed se d\u016fchodovou reformou. P\u0159\u00edle\u017eitostn\u011b p\u0159edn\u00e1\u0161\u00ed na vysok\u00fdch \u0161kol\u00e1ch. Pat\u0159\u00ed mezi uzn\u00e1van\u00e9 odborn\u00edky na m\u011bnovou politiku. Je autorkou mnoha odborn\u00fdch publikac\u00ed, v\u010detn\u011b \u010dl\u00e1nk\u016f o c\u00edlov\u00e1n\u00ed inflace, kter\u00e9 publikovala b\u011bhem postgradu\u00e1ln\u00edho studia na Institutu sv\u011btov\u00e9 ekonomiky v Kielu. Titul Ph.D. obh\u00e1jila na Vysok\u00e9 \u0161kole ekonomick\u00e9 v Praze. B\u011bhem studi\u00ed z\u00edskala n\u011bkolik ocen\u011bn\u00ed v\u010detn\u011b titulu \u201eMlad\u00fd ekonom roku 2001\u201c. Jej\u00ed prezentace a vystoupen\u00ed jsou dynamick\u00e9 a poutav\u00e9. Jej\u00ed moto zn\u00ed: \u0160t\u011bst\u00ed p\u0159eje p\u0159ipraven\u00fdm. Je vdan\u00e1 a m\u00e1 dv\u011b d\u011bti. Kon\u00ed\u010dky: literatura nejen odborn\u00e1, cyklistika, golf, turismus, d\u011bti.<\/p>\n<\/div>\n\n\n\n<div id=\"jiricna\" class=\"wp-block-group has-global-padding is-layout-constrained wp-block-group-is-layout-constrained\">\n<figure class=\"wp-block-image alignright size-full is-resized is-style-rounded\"><img loading=\"lazy\" decoding=\"async\" width=\"610\" height=\"608\" src=\"https:\/\/batuvodkazsvetu.cz\/wp-content\/uploads\/2023\/12\/jiricna.jpg\" alt=\"\" class=\"wp-image-2588\" style=\"object-fit:cover;width:150px;height:150px\" srcset=\"https:\/\/batuvodkazsvetu.cz\/wp-content\/uploads\/2023\/12\/jiricna.jpg 610w, https:\/\/batuvodkazsvetu.cz\/wp-content\/uploads\/2023\/12\/jiricna-300x300.jpg 300w, https:\/\/batuvodkazsvetu.cz\/wp-content\/uploads\/2023\/12\/jiricna-150x150.jpg 150w\" sizes=\"auto, (max-width: 610px) 100vw, 610px\" \/><\/figure>\n\n\n\n<h2 class=\"wp-block-heading\"><strong>Eva JI\u0158I\u010cN\u00c1<\/strong> <strong>&#8211; AI Design<\/strong><\/h2>\n\n\n\n<p>Prof. Ji\u0159i\u010dn\u00e1 pat\u0159\u00ed k nejv\u00fdrazn\u011bj\u0161\u00edm \u010desk\u00fdm architekt\u016fm sou\u010dasnosti a s jej\u00edmi d\u00edly se lze setkat po cel\u00e9m sv\u011bt\u011b. Pracovn\u00ed zku\u0161enosti za\u010dala sb\u00edrat v lond\u00fdnsk\u00e9m ateli\u00e9ru Louis de Soisson, kde se pod\u00edlela na projektu p\u0159\u00edstavu v Brightonu. Pozd\u011bji vedla projekt kompletn\u00ed rekonstrukce interi\u00e9ru poji\u0161\u0165ovny Loyds. S Janem Kaplick\u00fdm spolupracovala na n\u00e1vrhu obchodn\u00edho domu Harrods. V\u0161eobecnou zn\u00e1most ji p\u0159inesly zejm\u00e9na interi\u00e9ry lond\u00fdnsk\u00fdch a newyorsk\u00fdch m\u00f3dn\u00edch obchod\u016f a butik\u016f.<br>V \u010cesku pat\u0159\u00ed mezi jej\u00ed nejzn\u00e1m\u011bj\u0161\u00ed realizace interi\u00e9ru Tan\u010d\u00edc\u00edho domu nebo s\u00eddla Britsk\u00e9 rady v Praze, Oran\u017eerie na Pra\u017esk\u00e9m hrad\u011b, hotely Maxmilian a Josef nebo interi\u00e9ry pra\u017esk\u00e9ho kostela sv. Anny nebo l\u00e1vka pro p\u011b\u0161\u00ed v Brn\u011b. Ve Zl\u00edn\u011b jsou podle jej\u00edch n\u00e1vrh\u016f realizov\u00e1ny Kongresov\u00e9 a Univerzitn\u00ed centrum, a tak\u00e9 budova Fakulty humanitn\u00edch studi\u00ed. Jej\u00ed realizace nesou nezam\u011bniteln\u00fd rukopis, kter\u00fd se vyzna\u010duje pou\u017eit\u00edm skla, oceli, p\u0159\u00edpadn\u011b kamene. Design v jej\u00edm pojet\u00ed se vyzna\u010duje lehkost\u00ed, hrou sv\u011btla a st\u00edn\u016f, smyslem pro detail a pe\u010dliv\u00e9 propracov\u00e1n\u00ed.<br>Za sv\u016fj p\u0159\u00ednos architektu\u0159e a designu z\u00edskala Eva Ji\u0159i\u010dn\u00e1 mnoh\u00e1 ocen\u011bn\u00ed, mezi jin\u00fdmi nap\u0159\u00edklad titul Kr\u00e1lovsk\u00fd pr\u016fmyslov\u00fd design\u00e9r nebo \u0158\u00e1d Britsk\u00e9ho imp\u00e9ria za p\u0159\u00ednos interi\u00e9rov\u00e9mu designu. Byla tak\u00e9 zvolena \u010dlenkou Kr\u00e1lovsk\u00e9 akademie um\u011bn\u00ed, uvedena do Americk\u00e9 s\u00edn\u011b sl\u00e1vy a jako jedin\u00e1 \u017eij\u00edc\u00ed architektka se dostala do knihy Stolet\u00ed designu \u2013 Pr\u016fkopn\u00edci designu 20. stolet\u00ed. Je p\u0159edsedkyn\u00ed Sdru\u017een\u00ed architekt\u016f v Lond\u00fdn\u011b a \u010dlenkou Kr\u00e1lovsk\u00e9ho institutu britsk\u00fdch architekt\u016f. Z\u00edskala tak\u00e9 \u010destn\u00e9 doktor\u00e1ty a profesury na n\u011bkolika vysok\u00fdch \u0161kol\u00e1ch (v roce 2011 na Univerzit\u011b Tom\u00e1\u0161e Bati ve Zl\u00edn\u011b), zased\u00e1 v mezin\u00e1rodn\u00edch porot\u00e1ch architektonick\u00fdch sout\u011b\u017e\u00ed, intenzivn\u011b p\u0159edn\u00e1\u0161\u00ed a publikuje v renomovan\u00fdch \u010dasopisech a knih\u00e1ch. Je tak\u00e9 \u010dlenkou spr\u00e1vn\u00ed rady Univerzity Tom\u00e1\u0161e Bati ve Zl\u00edn\u011b.<\/p>\n<\/div>\n\n\n\n<div id=\"kosturiak\" class=\"wp-block-group has-global-padding is-layout-constrained wp-block-group-is-layout-constrained\">\n<figure class=\"wp-block-image alignright size-full is-resized is-style-rounded\"><img loading=\"lazy\" decoding=\"async\" width=\"150\" height=\"150\" src=\"https:\/\/batuvodkazsvetu.cz\/wp-content\/uploads\/2023\/12\/kosturiak1.jpg\" alt=\"\" class=\"wp-image-2665\" style=\"object-fit:cover;width:150px;height:150px\"\/><\/figure>\n\n\n\n<h2 class=\"wp-block-heading\"><strong>J\u00e1n KO\u0160TURIAK<\/strong> <strong>&#8211; INOVATO<\/strong><\/h2>\n\n\n\n<p>Spoluzakladatel IPA Slovakia a Podnikatelsk\u00e9 univerzity v \u017dilin\u011b. V r. 1990 za\u010dal pracovat jako konzultant pro pr\u016fmyslov\u00e9 podniky. V r. 1995 zalo\u017eil Institut pr\u016fmyslov\u00e9ho in\u017een\u00fdrstv\u00ed v \u017dilin\u011b, kter\u00fd v r. 2000 spojil s aktivitami Fraunhofer IPA Stuttgart ve spole\u010dnosti Fraunhofer IPA Slovakia. B\u011bhem sv\u00e9 profesion\u00e1ln\u00ed kari\u00e9ry pracoval jako konzultant pro mnoho firem (nap\u0159. Volkswagen, Sauer Danfoss, Leoni, AESOP, Daimler Chrysler, Leoni, Visteon, Hella, Elcom, Atrea, SHP Group, Fosfa, OMS, Linet, Bonatrans, \u0160koda Auto, \u00d6BB, Siemens, Mondi\/Neusiedler, Ahorn, Borcad, atd.). V r. 2021 zalo\u017eil a rozv\u00edj\u00ed s\u00ed\u0165 INOVATO, kde zkoum\u00e1 nov\u00e9 trendy a technologie v byznysu, propojuje podnikatele a hled\u00e1 s nimi inovace a nov\u00e9 podnikatelsk\u00e9 modely. \u017dije ve Var\u00ednu na Slovensku a M\u011br\u016ftk\u00e1ch na Morav\u011b, v\u011bnuje se horsk\u00e9 turistice a cyklistice. V sou\u010dasnosti v\u011bnuje spoustu energie rozvoji podnik\u00e1n\u00ed ve \u0161kol\u00e1ch a mezi ml\u00e1de\u017e\u00ed a v\u00fdstavb\u011b Nemocnice chudobn\u00fdch v OZ Dobr\u00fd Pastier Kl\u00e1\u0161tor pod Znievom.<\/p>\n<\/div>\n\n\n\n<div id=\"lapcik\" class=\"wp-block-group has-global-padding is-layout-constrained wp-block-group-is-layout-constrained\">\n<figure class=\"wp-block-image alignright size-full is-resized is-style-rounded\"><img loading=\"lazy\" decoding=\"async\" width=\"200\" height=\"200\" src=\"https:\/\/batuvodkazsvetu.cz\/wp-content\/uploads\/2023\/12\/lapcik.jpg\" alt=\"\" class=\"wp-image-2462\" style=\"object-fit:cover;width:150px;height:150px\" srcset=\"https:\/\/batuvodkazsvetu.cz\/wp-content\/uploads\/2023\/12\/lapcik.jpg 200w, https:\/\/batuvodkazsvetu.cz\/wp-content\/uploads\/2023\/12\/lapcik-150x150.jpg 150w\" sizes=\"auto, (max-width: 200px) 100vw, 200px\" \/><\/figure>\n\n\n\n<h2 class=\"wp-block-heading\"><strong>Radom\u00edr LAP\u010c\u00cdK<\/strong> <strong>&#8211; Trinity Bank, SAB Finance<\/strong><\/h2>\n\n\n\n<p>\u010cesk\u00fd podnikatel, pedagog, filantrop a zl\u00ednsk\u00fd patriot. Radom\u00edr Lap\u010d\u00edk je absolventem obchodn\u00edho pr\u00e1va na Nottingham Trent University, p\u0159edt\u00edm vystudoval Vysok\u00e9 u\u010den\u00ed technick\u00e9 v Brn\u011b.<\/p>\n\n\n\n<p>V podnik\u00e1n\u00ed je Radom\u00edru Lap\u010d\u00edkovi bl\u00edzk\u00fd Ba\u0165\u016fv d\u016fraz na spo\u0159en\u00ed a akumulaci kapit\u00e1lu, kter\u00fd se investuje a umo\u017e\u0148uje postupn\u00fd r\u016fst bohatstv\u00ed. Radom\u00edr Lap\u010d\u00edk zalo\u017eil a vybudoval \u0159adu \u00fasp\u011b\u0161n\u00fdch firem. Mezi nej\u00fasp\u011b\u0161n\u011bj\u0161\u00ed pat\u0159\u00ed Trinity Bank a SAB Finance. Trinity Bank se v leto\u0161n\u00edm roce dostala do presti\u017en\u00edho \u017eeb\u0159\u00ed\u010dku \u010cesk\u00e1 elita, seznamu stovky nejcenn\u011bj\u0161\u00edch \u010desk\u00fdch firem. SAB Finance je l\u00eddrem trhu v oblasti devizov\u00fdch obchod\u016f.<\/p>\n\n\n\n<p>Radom\u00edr Lap\u010d\u00edk se vedle podnik\u00e1n\u00ed v\u011bnuje mnoho let tak\u00e9 pedagogick\u00e9 \u010dinnosti v oblasti financ\u00ed a bankovnictv\u00ed. Jako zl\u00ednsk\u00fd patriot se pod\u00edlel na rozvoji Fakulty managementu a ekonomiky Univerzity Tom\u00e1\u0161e Bati.<\/p>\n\n\n\n<p>Radom\u00edr Lap\u010d\u00edk je zakladatelem nada\u010dn\u00edho fondu CREDO CZ, kter\u00fd se zam\u011b\u0159uje na podporu rodin s posti\u017een\u00fdmi d\u011btmi a podporu rodiny a man\u017eelstv\u00ed.<\/p>\n<\/div>\n\n\n\n<div id=\"ocko\" class=\"wp-block-group has-global-padding is-layout-constrained wp-block-group-is-layout-constrained\">\n<figure class=\"wp-block-image alignright size-full is-resized is-style-rounded\"><img loading=\"lazy\" decoding=\"async\" width=\"150\" height=\"150\" src=\"https:\/\/batuvodkazsvetu.cz\/wp-content\/uploads\/2023\/12\/ocko.jpg\" alt=\"\" class=\"wp-image-2568\" style=\"object-fit:cover;width:150px;height:150px\"\/><\/figure>\n\n\n\n<h2 class=\"wp-block-heading\"><strong>Petr O\u010cKO<\/strong> <strong>&#8211; Ministerstvo pr\u016fmyslu a obchodu<\/strong><\/h2>\n\n\n\n<p>Vystudoval informa\u010dn\u00ed management a evropskou integraci na Vysok\u00e9 \u0161kole ekonomick\u00e9 v Praze a absolvoval Ph.D. studium v oblasti informa\u010dn\u00ed ekonomiky na Filozofick\u00e9 fakult\u011b Univerzity Karlovy v Praze. Za\u010d\u00ednal v roce 1998 v tehdy mal\u00e9 firm\u011b, kter\u00e1 by dnes byla ozna\u010dena za \u00fasp\u011b\u0161n\u00fd technologick\u00fd startup a kter\u00e1 byla jedn\u00edm z pion\u00fdr\u016f komer\u010dn\u00edch webov\u00fdch aplikac\u00ed v \u010cR. Jako expert v oblasti evropsk\u00e9 ekonomick\u00e9 integrace se pak na ministerstvu financ\u00ed od roku 2001 v\u011bnoval oblasti struktur\u00e1ln\u00edch fond\u016f EU, od roku 2004 pracoval jako poradce n\u00e1m\u011bstka ministra financ\u00ed pro oblast finan\u010dn\u00edho trhu. Od srpna 2007 pak p\u016fsobil v soukrom\u00e9 sf\u00e9\u0159e jako koordin\u00e1tor projekt\u016f EU ve spole\u010dnosti Telef\u00f3nica O2.<\/p>\n\n\n\n<p>Do st\u00e1tn\u00ed spr\u00e1vy se vr\u00e1til v roce 2009 na pozici vrchn\u00edho \u0159editele pro oblast rozpo\u010dtu a fond\u016f EU na ministerstvu dopravy a od srpna 2010 pak p\u016fsobil jako sek\u010dn\u00ed \u0159editel pro oblast fond\u016f EU, v\u00fdzkumu a v\u00fdvoje na Ministerstvu pr\u016fmyslu a obchodu, kde m\u011bl na starosti zejm\u00e9na \u0159\u00edzen\u00ed kl\u00ed\u010dov\u00fdch program\u016f na podporu pr\u016fmyslov\u00e9ho v\u00fdzkumu a v\u00fdvoje, inovac\u00ed a podnik\u00e1n\u00ed. V letech 2012-2013 m\u011bl jako pov\u011b\u0159en\u00fd gener\u00e1ln\u00ed \u0159editel na starosti tak\u00e9 stabilizaci a rozvoj agentury pro podporu podnik\u00e1n\u00ed a investic CzechInvest.<\/p>\n\n\n\n<p>Od roku 2015 vedl na MPO odbor finan\u010dn\u00edch n\u00e1stroj\u016f a \u0159\u00edzen\u00ed projekt\u016f a p\u0159ipravoval zejm\u00e9na projekt N\u00e1rodn\u00edho inova\u010dn\u00edho fondu \u010di transformaci \u010ceskomoravsk\u00e9 z\u00e1ru\u010dn\u00ed a rozvojov\u00e9 banky. V b\u0159eznu 2016 pak byl vl\u00e1dou jmenov\u00e1n p\u0159edsedou Technologick\u00e9 agentury \u010cR a v jej\u00edm \u010dele \u00fasp\u011b\u0161n\u011b napom\u00e1hal rozvinout podporu aplikovan\u00e9ho v\u00fdzkumu v oblastech kl\u00ed\u010dov\u00fdch pro \u010ceskou republiku, v\u010detn\u011b oblasti tzv. Pr\u016fmyslu 4.0 a dal\u0161\u00edch v\u00fdznamn\u00fdch trend\u016f. Od \u010dervence 2018 je n\u00e1m\u011bstkem ministra pr\u016fmyslu a obchodu zodpov\u011bdn\u00fdm za sekci digitalizace a inovac\u00ed.<\/p>\n<\/div>\n\n\n\n<div id=\"pavelkova\" class=\"wp-block-group has-global-padding is-layout-constrained wp-block-group-is-layout-constrained\">\n<figure class=\"wp-block-image alignright size-full is-resized is-style-rounded\"><img loading=\"lazy\" decoding=\"async\" width=\"150\" height=\"150\" src=\"https:\/\/batuvodkazsvetu.cz\/wp-content\/uploads\/2023\/12\/PAVELKOVA.jpg\" alt=\"\" class=\"wp-image-2649\" style=\"object-fit:cover;width:150px;height:150px\"\/><\/figure>\n\n\n\n<h2 class=\"wp-block-heading\"><strong>Drahom\u00edra PAVELKOV\u00c1<\/strong> <strong>&#8211; UTB ve Zl\u00edn\u011b<\/strong><\/h2>\n\n\n\n<p>Vysoko\u0161kolsk\u00e9 vzd\u011bl\u00e1n\u00ed ukon\u010dila na Chemickotechnologick\u00e9 fakult\u011b Slovensk\u00e9 vysok\u00e9 \u0161koly technick\u00e9 v Bratislav\u011b, obor Ekonomika a \u0159\u00edzen\u00ed chemick\u00e9ho a potravin\u00e1\u0159sk\u00e9ho pr\u016fmyslu, doktor\u00e1t z\u00edskala na Fakult\u011b podnikatelsk\u00e9 v Brn\u011b, v roce 2002 se habilitovala a v roce 2010 byla jmenov\u00e1na profesorkou. Pracuje na Fakult\u011b managementu a ekonomiky Univerzity Tom\u00e1\u0161e Bati ve Zl\u00edn\u011b, jej\u00ed pedagogick\u00e1 \u010dinnost je zam\u011b\u0159ena na oblast v\u00fdkonnosti podniku, financ\u00ed a oce\u0148ov\u00e1n\u00ed podniku, ve v\u00fdzkumu se v\u011bnuje problematice v\u00fdkonnosti podnik\u016f a klastr\u016f. Je autorkou nebo spoluautorkou n\u011bkolika monografi\u00ed, kapitol v knize a mnoha odborn\u00fdch \u010dl\u00e1nk\u016f. Doposud byla nebo je \u0159e\u0161itelkou \u0159ady v\u011bdeckov\u00fdzkumn\u00fdch projekt\u016f. Je tak\u00e9 \u010dlenkou redak\u010dn\u00edch rad n\u011bkolika odborn\u00fdch \u010dasopis\u016f, \u010dlenkou v\u011bdeck\u00fdch a oborov\u00fdch rad na univerzit\u00e1ch, p\u016fsobila rovn\u011b\u017e v Akademick\u00e9m sn\u011bmu Akademie v\u011bd \u010cR. V pr\u016fb\u011bhu sv\u00e9ho p\u016fsoben\u00ed na univerzit\u011b zast\u00e1vala \u0159adu mana\u017eersk\u00fdch pozic jako prorektorka UTB, d\u011bkanka Fakulty managementu a ekonomiky a \u0159editelka \u00dastavu financ\u00ed a \u00fa\u010detnictv\u00ed, kterou vykon\u00e1v\u00e1 doposud.<br>Spolupracuje s podnikatelskou prax\u00ed v r\u00e1mci podnikov\u00e9ho vzd\u011bl\u00e1v\u00e1n\u00ed, poradensk\u00e9 \u010dinnosti, zpracov\u00e1n\u00ed finan\u010dn\u00edch anal\u00fdz, finan\u010dn\u00edho pl\u00e1nov\u00e1n\u00ed, \u0159\u00edzen\u00ed v\u00fdkonnosti, oce\u0148ov\u00e1n\u00ed podnik\u016f a benchmarkingu, spolupracuje rovn\u011b\u017e s Ministerstvem pr\u016fmyslu a obchodu v \u0159e\u0161en\u00ed \u0159ady projekt\u016f zam\u011b\u0159en\u00fdch na podnikovou praxi, klastrov\u00e9 organizace a klastrovou politiku. Absolvovala odborn\u00e9 st\u00e1\u017ee v Japonsku, Velk\u00e9 Brit\u00e1nii, Belgii, Portugalsku, USA, Finsku, \u0160v\u00e9dsku, D\u00e1nsku a Rakousku. Je \u010dlenkou Rotary klubu Zl\u00edn.<\/p>\n<\/div>\n\n\n\n<div id=\"pavlik\" class=\"wp-block-group has-global-padding is-layout-constrained wp-block-group-is-layout-constrained\">\n<figure class=\"wp-block-image alignright size-full is-resized is-style-rounded\"><img loading=\"lazy\" decoding=\"async\" width=\"150\" height=\"150\" src=\"https:\/\/batuvodkazsvetu.cz\/wp-content\/uploads\/2023\/12\/pavlik.jpg\" alt=\"\" class=\"wp-image-2813\" style=\"object-fit:cover;width:150px;height:150px\"\/><\/figure>\n\n\n\n<h2 class=\"wp-block-heading\"><strong>David PAVL\u00cdK<\/strong> <strong>&#8211; <\/strong><strong>ex-SpaceX<\/strong><\/h2>\n\n\n\n<p>Ve sv\u011bt\u011b IT je jm\u00e9no Davida Pavl\u00edka dob\u0159e zn\u00e1m\u00e9 nejen v \u010cesku, ale i v kalifornsk\u00e9m Silicon Valley. Kari\u00e9ru odstartoval v Microsoftu, pracoval tak\u00e9 v&nbsp;Amazonu. V&nbsp;Netflixu&nbsp;byl u spu\u0161t\u011bn\u00ed \u00fasp\u011b\u0161n\u00e9ho seri\u00e1lu House of Cards. A pro stavbu rakety Crew Dragon spole\u010dnosti&nbsp;SpaceX&nbsp;si ho vybral i Elon Musk. Tam m\u011bl nap\u0159\u00edklad na starosti v\u00fdvoj za\u0159\u00edzen\u00ed, kter\u00e9 provede autodestrukci rakety v p\u0159\u00edpad\u011b, \u017ee nepolet\u00ed spr\u00e1vn\u011b a ohroz\u00ed \u017eivot na Zemi. Do Nano Energies p\u0159i\u0161el ze&nbsp;Shipmonku, kde vedl glob\u00e1ln\u00ed R&amp;D t\u00fdm a mimo jin\u00e9 m\u011bl tak\u00e9 za \u00fakol p\u0159ipravit firmu na dal\u0161\u00ed r\u016fst. Do Nano Energies nastoupil jako technologick\u00fd \u0159editel. Je \u017eenat\u00fd a m\u00e1 3 d\u011bti, r\u00e1d sportuje, va\u0159\u00ed a tr\u00e1v\u00ed \u010das s rodinou.<\/p>\n<\/div>\n\n\n\n<div id=\"saha\" class=\"wp-block-group has-global-padding is-layout-constrained wp-block-group-is-layout-constrained\">\n<figure class=\"wp-block-image alignright size-full is-resized is-style-rounded\"><img loading=\"lazy\" decoding=\"async\" width=\"151\" height=\"150\" src=\"https:\/\/batuvodkazsvetu.cz\/wp-content\/uploads\/2024\/01\/saha.png\" alt=\"\" class=\"wp-image-2931\" style=\"object-fit:cover;width:150px;height:150px\"\/><\/figure>\n\n\n\n<h2 class=\"wp-block-heading\"><strong>Petr S\u00e1ha \u2013 UTB ve Zl\u00edn\u011b<\/strong><\/h2>\n\n\n\n<p>Zakladatel a emeritn\u00ed rektor Univerzity Tom\u00e1\u0161e Bati ve Zl\u00edn\u011b, na jej\u00edm\u017e rozvoji m\u00e1 v\u00fdznamn\u00e9 osobn\u00ed z\u00e1sluhy. V sou\u010dasn\u00e9 dob\u011b p\u016fsob\u00ed na univerzit\u011b jako \u0159editel Univerzitn\u00edho institutu. P\u016fsobil na VUT v Brn\u011b, Chalmers University of Technology Gothenburg, East China University of Science and Technology, Chengdu University of Technology a dal\u0161\u00edch zahrani\u010dn\u00edch univerzit\u00e1ch. Zast\u00e1val funkci prezidenta The Polymer Processing Society se s\u00eddlem v USA. St\u00e1l u zalo\u017een\u00ed Ba\u0165a centra ve Vietnamu, kter\u00e9 podporuje spolupr\u00e1ci mezi vietnamsk\u00fdmi institucemi a \u010desk\u00fdmi i evropsk\u00fdmi univerzitami. P\u016fsobil tak\u00e9 jako p\u0159edseda \u010cesk\u00e9 konference rektor\u016f. Je sv\u011btov\u011b uzn\u00e1van\u00fdm v\u011bdcem, profesn\u011b se v\u011bnuje polymern\u00edm proces\u016fm, medic\u00ednsk\u00fdm polymer\u016fm a energetick\u00fdm materi\u00e1l\u016fm. Je autorem a spoluautorem v\u00edce ne\u017e 400 odborn\u00fdch publikac\u00ed a p\u016fvodcem nebo spolup\u016fvodcem n\u011bkolika des\u00edtek patent\u016f, u\u017eitn\u00fdch vzor\u016f, prototyp\u016f a pr\u016fmyslov\u00fdch vzor\u016f. Je \u010dlenem \u0159ady mezin\u00e1rodn\u00edch i n\u00e1rodn\u00edch v\u011bdeck\u00fdch a odborn\u00fdch organizac\u00ed, v\u011bdeck\u00fdch a oborov\u00fdch rad univerzit, p\u016fsob\u00ed jako \u0161kolitel v doktorsk\u00fdch studijn\u00edch programech. V roce 2023 z\u00edskal ocen\u011bn\u00ed Osobnost projektu Vizion\u00e1\u0159i 2023 za celo\u017eivotn\u00ed p\u0159\u00ednos v oblasti inovac\u00ed ve vzd\u011bl\u00e1v\u00e1n\u00ed, v\u00fdzkumu a v\u00fdvoji.<\/p>\n<\/div>\n\n\n\n<div id=\"stroukal\" class=\"wp-block-group has-global-padding is-layout-constrained wp-block-group-is-layout-constrained\">\n<figure class=\"wp-block-image alignright size-full is-resized is-style-rounded\"><img loading=\"lazy\" decoding=\"async\" width=\"150\" height=\"150\" src=\"https:\/\/batuvodkazsvetu.cz\/wp-content\/uploads\/2024\/03\/stroukal.jpg\" alt=\"\" class=\"wp-image-2984\" style=\"object-fit:cover;width:150px;height:150px\"\/><\/figure>\n\n\n\n<h2 class=\"wp-block-heading\"><strong>Dominik Stroukal \u2013 Metropolitn\u00ed univerzita Praha<\/strong><\/h2>\n\n\n\n<p>Dominik Stroukal p\u0159edn\u00e1\u0161\u00ed na Metropolitn\u00ed univerzit\u011b Praha. Je autorem n\u011bkolika knih, \u010dlenem N\u00e1rodn\u00ed ekonomick\u00e9 rady vl\u00e1dy (NERV) a ekonomick\u00fdm poradcem SatoshiLabs. Sly\u0161et ho m\u016f\u017eete pravideln\u011b v podcastu Ve vat\u011b. M\u00e1 doktor\u00e1t z ekonomie z Vysok\u00e9 \u0161koly ekonomick\u00e9, vedle kter\u00e9 vystudoval tak\u00e9 medi\u00e1ln\u00ed studia na Univerzit\u011b Karlov\u011b.<br>V minulosti byl hlavn\u00edm ekonomem Platebn\u00ed instituce Roger, Banky CREDITAS a finan\u010dn\u00ed skupiny Roklen, \u0159editelem Liber\u00e1ln\u00edho institutu a Ludwig von Mises Institutu pro \u010cR a SK. Prov\u00e1zel podcastem Business Speak t\u00fdden\u00edku Ekonom, po\u0159adem Kdo to plat\u00ed? na MALL.TV, vedl spole\u010dnost bit agency, byl \u0161\u00e9fredaktorem \u010dasopisu Trade-off, a managing directorem odborn\u00e9ho \u010dasopisu New Perspectives on Political Economy. Byl vedouc\u00edm katedry ekonomie na V\u0160 CEVRO institut, vyu\u010doval na Vysok\u00e9 \u0161kole finan\u010dn\u00ed a spr\u00e1vn\u00ed, na Vysok\u00e9 \u0161kole ekonomick\u00e9 a na gymn\u00e1zi\u00edch Porg a Nov\u00fd Porg. B\u011bhem prvn\u00ed vlny pandemie prov\u00e1zel po\u0159adem D\u00e1me to na E15.<\/p>\n<\/div>\n","protected":false},"excerpt":{"rendered":"<p>Milan AD\u00c1MEK &#8211; UTB ve Zl\u00edn\u011b Profesor Milan Ad\u00e1mek je se zl\u00ednskou univerzitou spjat ji\u017e 25 let. Profesn\u011b se zam\u011b\u0159uje na obory bezpe\u010dnostn\u00ed technologie a m\u011b\u0159en\u00ed. Absolvoval doktorsk\u00fd studijn\u00ed obor Technick\u00e1 kybernetika na Fakult\u011b technologick\u00e9 UTB ve Zl\u00edn\u011b. V roce 2008 se habilitoval a v roce 2022 byl jmenov\u00e1n profesorem pro obor \u0158\u00edzen\u00ed stroj\u016f a [&hellip;]<\/p>\n","protected":false},"author":1,"featured_media":0,"parent":14,"menu_order":0,"comment_status":"closed","ping_status":"closed","template":"","meta":{"_exactmetrics_skip_tracking":false,"_exactmetrics_sitenote_active":false,"_exactmetrics_sitenote_note":"","_exactmetrics_sitenote_category":0,"ngg_post_thumbnail":0,"footnotes":""},"class_list":["post-2","page","type-page","status-publish","hentry"],"_links":{"self":[{"href":"https:\/\/batuvodkazsvetu.cz\/index.php\/wp-json\/wp\/v2\/pages\/2","targetHints":{"allow":["GET"]}}],"collection":[{"href":"https:\/\/batuvodkazsvetu.cz\/index.php\/wp-json\/wp\/v2\/pages"}],"about":[{"href":"https:\/\/batuvodkazsvetu.cz\/index.php\/wp-json\/wp\/v2\/types\/page"}],"author":[{"embeddable":true,"href":"https:\/\/batuvodkazsvetu.cz\/index.php\/wp-json\/wp\/v2\/users\/1"}],"replies":[{"embeddable":true,"href":"https:\/\/batuvodkazsvetu.cz\/index.php\/wp-json\/wp\/v2\/comments?post=2"}],"version-history":[{"count":75,"href":"https:\/\/batuvodkazsvetu.cz\/index.php\/wp-json\/wp\/v2\/pages\/2\/revisions"}],"predecessor-version":[{"id":3073,"href":"https:\/\/batuvodkazsvetu.cz\/index.php\/wp-json\/wp\/v2\/pages\/2\/revisions\/3073"}],"up":[{"embeddable":true,"href":"https:\/\/batuvodkazsvetu.cz\/index.php\/wp-json\/wp\/v2\/pages\/14"}],"wp:attachment":[{"href":"https:\/\/batuvodkazsvetu.cz\/index.php\/wp-json\/wp\/v2\/media?parent=2"}],"curies":[{"name":"wp","href":"https:\/\/api.w.org\/{rel}","templated":true}]}}