{"id":2371,"date":"2023-12-05T13:16:49","date_gmt":"2023-12-05T12:16:49","guid":{"rendered":"https:\/\/batuvodkazsvetu.cz\/?page_id=2371"},"modified":"2024-04-21T21:59:46","modified_gmt":"2024-04-21T19:59:46","slug":"blok-a-nove-ukoly-a-pozadavky-na-prumyslove-inzenyry","status":"publish","type":"page","link":"https:\/\/batuvodkazsvetu.cz\/index.php\/blok-a-nove-ukoly-a-pozadavky-na-prumyslove-inzenyry\/","title":{"rendered":"Blok A: Nov\u00e9 \u00fakoly a po\u017eadavky na pr\u016fmyslov\u00e9 in\u017een\u00fdry"},"content":{"rendered":"\n<p class=\"has-contrast-color has-text-color\"><strong><em>Pr\u016fmyslov\u00ed in\u017een\u00fd\u0159i byli kdysi pozorovatel\u00e9 proces\u016f a sb\u011bra\u010di \u00fadaj\u016f z v\u00fdroby. Dnes se st\u00e1vaj\u00ed analytiky a maj\u00ed mno\u017estv\u00ed \u00fadaj\u016f v re\u00e1ln\u00e9m \u010dase z r\u016fzn\u00fdch oblast\u00ed podniku. I v t\u00e9to oblasti lid\u00e9 nar\u00e1\u017eej\u00ed na sv\u00e9 schopnosti. Kde jsou budouc\u00ed role pr\u016fmyslov\u00fdch in\u017een\u00fdr\u016f v podnic\u00edch? Kolik sv\u00e9 pozornosti budou v\u011bnovat stroj\u016fm a lidem? Jak budou pracovat a jak\u00e9 nov\u00e9 metody a postupy si mus\u00ed osvojit?<\/em><\/strong><\/p>\n\n\n\n<h4 class=\"wp-block-heading\"><strong>Moder\u00e1to\u0159i:<\/strong><\/h4>\n\n\n\n<p><a href=\"https:\/\/batuvodkazsvetu.cz\/index.php\/blok-a-nove-ukoly-a-pozadavky-na-prumyslove-inzenyry\/#chromjakova\">Felicita CHROMJAKOV\u00c1<\/a><\/p>\n\n\n\n<p><a href=\"https:\/\/batuvodkazsvetu.cz\/index.php\/blok-a-nove-ukoly-a-pozadavky-na-prumyslove-inzenyry\/#tucek\">David TU\u010cEK<\/a><\/p>\n\n\n\n<div id=\"debnar\" class=\"wp-block-group has-global-padding is-layout-constrained wp-block-group-is-layout-constrained\">\n<figure class=\"wp-block-image alignright size-full is-resized is-style-rounded\"><img loading=\"lazy\" decoding=\"async\" width=\"418\" height=\"418\" src=\"https:\/\/batuvodkazsvetu.cz\/wp-content\/uploads\/2023\/12\/debnar.jpg\" alt=\"\" class=\"wp-image-2378\" style=\"object-fit:cover;width:150px;height:150px\" srcset=\"https:\/\/batuvodkazsvetu.cz\/wp-content\/uploads\/2023\/12\/debnar.jpg 418w, https:\/\/batuvodkazsvetu.cz\/wp-content\/uploads\/2023\/12\/debnar-300x300.jpg 300w, https:\/\/batuvodkazsvetu.cz\/wp-content\/uploads\/2023\/12\/debnar-150x150.jpg 150w\" sizes=\"auto, (max-width: 418px) 100vw, 418px\" \/><\/figure>\n\n\n\n<h2 class=\"wp-block-heading\"><strong>Peter DEBN\u00c1R<\/strong> <strong>&#8211; BDS Group Buchlovice<\/strong><\/h2>\n\n\n\n<p>Dlouh\u00e1 l\u00e9ta pracoval jako konzultant, interim mana\u017eer, krizov\u00fd mana\u017eer a z\u00e1rove\u0148 p\u016fsobil na glob\u00e1ln\u00edch pozic\u00edch v nadn\u00e1rodn\u00edch spole\u010dnostech. V\u011bnuje se hlavn\u011b strategi\u00edm, strategick\u00e9mu rozvoji organizac\u00ed, transformac\u00edm firem a digitalizaci. Jeho hodnoty jsou d\u016fv\u011bra, radost a inspirace. V\u011b\u0159\u00ed, \u017ee bez t\u011bchto t\u0159\u00ed hodnot je velmi slo\u017eit\u00e9 prov\u00e1d\u011bt strategick\u00fd rozvoj a transformaci jak\u00e9hokoli t\u00fdmu, p\u0159\u00edpadn\u011b cel\u00e9 organizace. Setkal se s formou veden\u00ed firem a t\u00fdm\u016f v r\u00e1mci Evropy, Ameriky i Asie. Z toho \u010derp\u00e1 p\u0159i v\u00fdm\u011bn\u011b zku\u0161enost\u00ed a znalost\u00ed.<\/p>\n<\/div>\n\n\n\n<div id=\"cambal\" class=\"wp-block-group has-global-padding is-layout-constrained wp-block-group-is-layout-constrained\">\n<figure class=\"wp-block-image alignright size-full is-resized is-style-rounded\"><img loading=\"lazy\" decoding=\"async\" width=\"150\" height=\"150\" src=\"https:\/\/batuvodkazsvetu.cz\/wp-content\/uploads\/2023\/12\/cambal.jpg\" alt=\"\" class=\"wp-image-2387\" style=\"object-fit:cover;width:150px;height:150px\"\/><\/figure>\n\n\n\n<h2 class=\"wp-block-heading\"><strong>Milo\u0161 \u010cAMB\u00c1L<\/strong> <strong>&#8211; STU Trnava<\/strong><\/h2>\n\n\n\n<p>P\u016fsob\u00ed v oblasti pr\u016fmyslov\u00e9ho in\u017een\u00fdrstv\u00ed. Pedagogicky p\u016fsob\u00ed od roku 1989 na univerzit\u00e1ch v SR a v zahrani\u010d\u00ed, p\u0159edev\u0161\u00edm v oblastech \u0159\u00edzen\u00ed v\u00fdkonnosti zam\u011bstnanc\u016f, rozvoje mana\u017eersk\u00fdch kompetenc\u00ed, optimalizace firemn\u00ed kultury a tvorby kompeten\u010dn\u00edch model\u016f. V uveden\u00fdch oblastech p\u016fsob\u00ed i jako certifikovan\u00fd lektor, konzultant a kou\u010d v r\u016fzn\u00fdch typech organizac\u00ed. Vedouc\u00ed nebo \u010dlen t\u00fdm\u016f v\u00fdzkumn\u00fdch projekt\u016f slovensk\u00fdch grantov\u00fdch agentur a zahrani\u010dn\u00edch v\u00fdzkumn\u00fdch projekt\u016f. Autor, resp. spoluautor v\u00edc jak 220 v\u011bdeck\u00fdch a odborn\u00fdch publikac\u00ed, m\u00e1 v\u00edc ne\u017e 620 citac\u00ed a ohlas\u016f publika\u010dn\u00ed \u010dinnosti.<\/p>\n<\/div>\n\n\n\n<div class=\"wp-block-group visnansky has-global-padding is-layout-constrained wp-block-group-is-layout-constrained\">\n<figure class=\"wp-block-image alignright size-full is-resized is-style-rounded\"><img loading=\"lazy\" decoding=\"async\" width=\"150\" height=\"150\" src=\"https:\/\/batuvodkazsvetu.cz\/wp-content\/uploads\/2023\/12\/visnansky-1.jpg\" alt=\"\" class=\"wp-image-2391\" style=\"object-fit:cover;width:150px;height:150px\"\/><\/figure>\n\n\n\n<h2 class=\"wp-block-heading\"><strong>Mat\u00fa\u0161 VI\u0160\u0147ANSK\u00dd<\/strong> <strong>&#8211;\u00a0 4industry consulting \u017dilina<\/strong><\/h2>\n\n\n\n<p>19 let se v\u011bnuje oblastem zvy\u0161ov\u00e1n\u00ed produktivity lid\u00ed, anal\u00fdze a m\u011b\u0159en\u00ed pr\u00e1ce, normov\u00e1n\u00ed pr\u00e1ce lid\u00ed a stroj\u016f, zlep\u0161ov\u00e1n\u00ed ergonomie mont\u00e1\u017en\u00edch pracovi\u0161\u0165, navrhov\u00e1n\u00ed linek a bun\u011bk, optimalizaci layout\u016f a materi\u00e1lov\u00fdch tok\u016f, n\u00e1vrh\u016fm automatizace a robotizace. V pr\u016fb\u011bhu sv\u00e9 praxe realizoval projekty a vzd\u011bl\u00e1v\u00e1n\u00ed ve v\u00edc jak 170 firm\u00e1ch r\u016fzn\u00fdch odv\u011btv\u00ed se zam\u011b\u0159en\u00edm na produktivitu, logistiku, \u00fadr\u017ebu a automatizaci. Je autorem v\u00edcero \u010dl\u00e1nk\u016f a bro\u017eur v odborn\u00fdch \u010dasopisech. Organizoval v\u00edcero mana\u017eersk\u00fdch studijn\u00edch cest v Evrop\u011b a USA. V japonsk\u00e9 Osace z\u00edskal po mana\u017eersk\u00e9m studijn\u00edm programu certifik\u00e1t Advanced Production System se zam\u011b\u0159en\u00edm na principy fungov\u00e1n\u00ed \u0161t\u00edhl\u00e9 v\u00fdroby od spole\u010dnosti HIDA \u2013 The Overseas Human Ressources and Industry Development Association.<\/p>\n<\/div>\n\n\n\n<div id=\"visnansky\" class=\"wp-block-group has-global-padding is-layout-constrained wp-block-group-is-layout-constrained\">\n<figure class=\"wp-block-image alignright size-full is-resized is-style-rounded\"><img loading=\"lazy\" decoding=\"async\" width=\"342\" height=\"342\" src=\"https:\/\/batuvodkazsvetu.cz\/wp-content\/uploads\/2023\/12\/vydrova.jpg\" alt=\"\" class=\"wp-image-2389\" style=\"object-fit:cover;width:150px;height:150px\" srcset=\"https:\/\/batuvodkazsvetu.cz\/wp-content\/uploads\/2023\/12\/vydrova.jpg 342w, https:\/\/batuvodkazsvetu.cz\/wp-content\/uploads\/2023\/12\/vydrova-300x300.jpg 300w, https:\/\/batuvodkazsvetu.cz\/wp-content\/uploads\/2023\/12\/vydrova-150x150.jpg 150w\" sizes=\"auto, (max-width: 342px) 100vw, 342px\" \/><\/figure>\n\n\n\n<h2 class=\"wp-block-heading\"><strong>Jana VYDROV\u00c1<\/strong> <strong>&#8211; \u0160koda Auto Mlad\u00e1 Boleslav<\/strong><\/h2>\n\n\n\n<p>P\u016fsob\u00ed na pozici koordin\u00e1tora \u00fatvaru digitalizace v\u00fdroby komponent \u0160koda Auto a dlouhodob\u011b se se sv\u00fdm t\u00fdmem pod\u00edl\u00ed na implementaci digitaliza\u010dn\u00edch projekt\u016f, metodick\u00e9 p\u0159\u00edprav\u011b a rozvoji digitalizace v oblasti PK, zprost\u0159edkov\u00e1n\u00ed informac\u00ed a \u010dinnost\u00ed mezi v\u00fdrobou a IT \u00fatvary nebo extern\u00edmi dodavateli digit\u00e1ln\u00edho \u0159e\u0161en\u00ed, poskytuje podporu p\u0159i automatizaci sb\u011bru dat a jejich vyhodnocen\u00ed a reportingu.<\/p>\n<\/div>\n\n\n\n<div id=\"hric\" class=\"wp-block-group has-global-padding is-layout-constrained wp-block-group-is-layout-constrained\">\n<figure class=\"wp-block-image alignright size-full is-resized is-style-rounded\"><img loading=\"lazy\" decoding=\"async\" width=\"355\" height=\"355\" src=\"https:\/\/batuvodkazsvetu.cz\/wp-content\/uploads\/2023\/12\/hric.jpg\" alt=\"\" class=\"wp-image-2392\" style=\"object-fit:cover;width:150px;height:150px\" srcset=\"https:\/\/batuvodkazsvetu.cz\/wp-content\/uploads\/2023\/12\/hric.jpg 355w, https:\/\/batuvodkazsvetu.cz\/wp-content\/uploads\/2023\/12\/hric-300x300.jpg 300w, https:\/\/batuvodkazsvetu.cz\/wp-content\/uploads\/2023\/12\/hric-150x150.jpg 150w\" sizes=\"auto, (max-width: 355px) 100vw, 355px\" \/><\/figure>\n\n\n\n<h2 class=\"wp-block-heading\"><strong>Martin HRIC<\/strong> <strong>&#8211; CPG Manufacturing, Automation &amp; Digitization Bratislava<\/strong><\/h2>\n\n\n\n<p>Od po\u010d\u00e1tku roku 2023 pracuje jako konzultant v oblasti digit\u00e1ln\u00ed transformace v\u00fdrobn\u00edch z\u00e1vod\u016f. Do roku 2022 zast\u00e1val pozici programov\u00e9ho \u0159editele pro zav\u00e1d\u011bn\u00ed kolaborativn\u00ed robotiky a AGV v Mondelez EU, sou\u010dasn\u011b byl \u010dlenem t\u00fdmu pro digit\u00e1ln\u00ed transformaci. Do roku 2019 p\u016fsobil jako region\u00e1ln\u00ed \u0159editel z\u00e1vod\u016f pro oblast st\u0159edn\u00ed a ji\u017en\u00ed Evropy s hlavn\u00edm z\u00e1m\u011brem transformovat organizaci zav\u00e1d\u011bn\u00edm integrovan\u00e9 Lean Six Sigmy a kultury dle Franklin Covey. V roce 1993 vystudoval obor procesn\u00ed in\u017een\u00fdrstv\u00ed na Kated\u0159e chemick\u00fdch a potravin\u00e1\u0159sk\u00fdch stroj\u016f Strojn\u00ed fakulty STU v Bratislav\u011b.<\/p>\n<\/div>\n\n\n\n<div id=\"masin\" class=\"wp-block-group has-global-padding is-layout-constrained wp-block-group-is-layout-constrained\">\n<figure class=\"wp-block-image alignright size-full is-resized is-style-rounded\"><img loading=\"lazy\" decoding=\"async\" width=\"150\" height=\"150\" src=\"https:\/\/batuvodkazsvetu.cz\/wp-content\/uploads\/2023\/12\/masin.jpg\" alt=\"\" class=\"wp-image-2709\" style=\"object-fit:cover;width:150px;height:150px\"\/><\/figure>\n\n\n\n<h2 class=\"wp-block-heading\"><strong>Ivan MA\u0160\u00cdN &#8211; Technick\u00e1 univerzita v Liberci<\/strong><\/h2>\n\n\n\n<p>Vyu\u010dil se strojn\u00edm z\u00e1me\u010dn\u00edkem, absolvoval S\u0160P a FS V\u0160ST Liberec. Po z\u00edsk\u00e1n\u00ed doktor\u00e1tu na TUL pracoval jako pr\u016fmyslov\u00fd in\u017een\u00fdr ve \u0160KODA Auto. V roce 1995 spoluzalo\u017eil Institut pr\u016fmyslov\u00e9ho in\u017een\u00fdrstv\u00ed (IPI). Je rovn\u011b\u017e docentem na FS TUL (Inova\u010dn\u00ed in\u017een\u00fdrstv\u00ed) a vedouc\u00edm odd\u011blen\u00ed konstrukce stroj\u016f na \u00dastavu pro nanomateri\u00e1ly, pokro\u010dil\u00e9 technologie a inovace (CXI TUL). V&nbsp;oblasti pr\u016fmyslov\u00e9ho in\u017een\u00fdrstv\u00ed vedl des\u00edtky projekt\u016f a publikoval 10 knih.<\/p>\n<\/div>\n\n\n\n<div id=\"chromjakova\" class=\"wp-block-group has-global-padding is-layout-constrained wp-block-group-is-layout-constrained\">\n<figure class=\"wp-block-image alignright size-full is-resized is-style-rounded\"><img loading=\"lazy\" decoding=\"async\" width=\"150\" height=\"150\" src=\"https:\/\/batuvodkazsvetu.cz\/wp-content\/uploads\/2023\/12\/chromj.jpg\" alt=\"\" class=\"wp-image-2710\" style=\"object-fit:cover;width:150px;height:150px\"\/><\/figure>\n\n\n\n<h2 class=\"wp-block-heading\"><strong>Felicita CHROMJAKOV\u00c1 \u2013 UTB ve Zl\u00edn\u011b<\/strong><\/h2>\n\n\n\n<p>Na \u00dastavu pr\u016fmyslov\u00e9ho in\u017een\u00fdrstv\u00ed a informa\u010dn\u00edch syst\u00e9m\u016f p\u016fsob\u00ed ji\u017e od roku 2010. Zam\u011b\u0159uje se na procesn\u00ed management zm\u011bn ve v\u00fdrobn\u00edch firm\u00e1ch, kooperuje s&nbsp;pr\u016fmyslov\u00fdmi firmami v&nbsp;oblasti v\u00fdzkumu a tvorby koncept\u016f automatizace a digitalizace v\u00fdrobn\u00edch proces\u016f. Jej\u00ed prioritou na UTB ve Zl\u00edn\u011b je vychov\u00e1vat studenty \u2013 pr\u016fmyslov\u00e9 in\u017een\u00fdry, kte\u0159\u00ed jsou pro praxi zaj\u00edmav\u00fdmi z&nbsp;pohledu kreativity, inovativn\u00edch p\u0159\u00edstup\u016f a p\u0159em\u00fd\u0161len\u00ed o v\u011bcech. Ka\u017edoro\u010dn\u011b organizuje workshop \u201eIndustry 4.0 \u2013 inspirace pro procesn\u00ed a pr\u016fmyslov\u00e9 in\u017een\u00fdry\u201c a modul\u00e1rn\u00ed vzd\u011bl\u00e1v\u00e1n\u00ed pro pr\u016fmyslov\u00e9 in\u017een\u00fdry z&nbsp;firem \u201eAkademie pr\u016fmyslov\u00e9ho in\u017een\u00fdrstv\u00ed\u201c.<\/p>\n<\/div>\n\n\n\n<div id=\"tucek\" class=\"wp-block-group has-global-padding is-layout-constrained wp-block-group-is-layout-constrained\">\n<figure class=\"wp-block-image alignright size-full is-resized is-style-rounded\"><img loading=\"lazy\" decoding=\"async\" width=\"150\" height=\"150\" src=\"https:\/\/batuvodkazsvetu.cz\/wp-content\/uploads\/2023\/12\/tucek.jpg\" alt=\"\" class=\"wp-image-2723\" style=\"object-fit:cover;width:150px;height:150px\"\/><\/figure>\n\n\n\n<h2 class=\"wp-block-heading\"><strong>David TU\u010cEK \u2013 UTB ve Zl\u00edn\u011b<\/strong><\/h2>\n\n\n\n<p>Je absolventem in\u017een\u00fdrsk\u00e9ho studia Technologie a managementu na VUT v&nbsp;Brn\u011b, Fakulty technologick\u00e9 ve Zl\u00edn\u011b a doktorsk\u00e9ho studijn\u00edho programu na Fakult\u011b podnikatelsk\u00e9 stejn\u00e9 vysok\u00e9 \u0161koly v Brn\u011b.&nbsp;Habilitoval v&nbsp;r. 2007 na UTB ve Zl\u00edn\u011b v oboru Ekonomika a management podniku.&nbsp;Profesorsk\u00e9 \u0159\u00edzen\u00ed na MENDELU v&nbsp;Brn\u011b ve studijn\u00edm oboru Ekonomika a management v&nbsp;r. 2021.&nbsp;Garantuje magistersk\u00fd a doktorsk\u00fd studijn\u00ed program Pr\u016fmyslov\u00e9 in\u017een\u00fdrstv\u00ed.<\/p>\n\n\n\n<p>V&nbsp;r\u00e1mci v\u011bdecko-v\u00fdzkumn\u00fdch aktivit se zam\u011b\u0159uje na oblast Business Process Managementu a Pr\u016fmyslov\u00e9ho in\u017een\u00fdrstv\u00ed.&nbsp;Vedl \u0159adu projekt\u016f pro pr\u016fmyslovou praxi, m.j.&nbsp;je spoluautorem u\u017eitn\u00fdch vzor\u016f a patent\u016f evidovan\u00fdch na \u00da\u0159adu pr\u016fmyslov\u00e9ho vlastnictv\u00ed v&nbsp;oblasti&nbsp;ergonomie zam\u011b\u0159en\u00e9ho na vyhodnocov\u00e1n\u00ed&nbsp;lok\u00e1ln\u00ed svalov\u00e9 z\u00e1t\u011b\u017ee.<\/p>\n<\/div>\n\n\n\n<div id=\"trebuna\" class=\"wp-block-group has-global-padding is-layout-constrained wp-block-group-is-layout-constrained\">\n<figure class=\"wp-block-image alignright size-full is-resized is-style-rounded\"><img loading=\"lazy\" decoding=\"async\" width=\"150\" height=\"150\" src=\"https:\/\/batuvodkazsvetu.cz\/wp-content\/uploads\/2024\/01\/trebuna.jpg\" alt=\"\" class=\"wp-image-2913\" style=\"object-fit:cover;width:150px;height:150px\"\/><\/figure>\n\n\n\n<h2 class=\"wp-block-heading\"><strong>Peter TREBU\u0147A \u2013 Technick\u00e1 univerzita Ko\u0161ice<\/strong><\/h2>\n\n\n\n<p>Je vedouc\u00edm Katedry pr\u016fmyslov\u00e9ho a digit\u00e1ln\u00edho in\u017een\u00fdrstv\u00ed Strojn\u00ed fakulty. Specializuje se na rozvoj problematiky pr\u016fmyslov\u00e9ho a digit\u00e1ln\u00edho in\u017een\u00fdrstv\u00ed, modelov\u00e1n\u00ed a simulaci za pomoc\u00ed digit\u00e1ln\u00edch technologi\u00ed a vybran\u00fdch softwarov\u00fdch modul\u016f. P\u016fsob\u00ed ve Svazu automobilov\u00e9ho pr\u016fmyslu SR, m\u00e1 \u0159adu pr\u016fmyslov\u00fdch projekt\u016f ve spolupr\u00e1ci s&nbsp;firmami v&nbsp;oblastech digitalizace v\u00fdroby a logistiky.<\/p>\n<\/div>\n","protected":false},"excerpt":{"rendered":"<p>Pr\u016fmyslov\u00ed in\u017een\u00fd\u0159i byli kdysi pozorovatel\u00e9 proces\u016f a sb\u011bra\u010di \u00fadaj\u016f z v\u00fdroby. Dnes se st\u00e1vaj\u00ed analytiky a maj\u00ed mno\u017estv\u00ed \u00fadaj\u016f v re\u00e1ln\u00e9m \u010dase z r\u016fzn\u00fdch oblast\u00ed podniku. I v t\u00e9to oblasti lid\u00e9 nar\u00e1\u017eej\u00ed na sv\u00e9 schopnosti. Kde jsou budouc\u00ed role pr\u016fmyslov\u00fdch in\u017een\u00fdr\u016f v podnic\u00edch? Kolik sv\u00e9 pozornosti budou v\u011bnovat stroj\u016fm a lidem? Jak budou pracovat a [&hellip;]<\/p>\n","protected":false},"author":1,"featured_media":0,"parent":0,"menu_order":0,"comment_status":"closed","ping_status":"closed","template":"","meta":{"_exactmetrics_skip_tracking":false,"_exactmetrics_sitenote_active":false,"_exactmetrics_sitenote_note":"","_exactmetrics_sitenote_category":0,"ngg_post_thumbnail":0,"footnotes":""},"class_list":["post-2371","page","type-page","status-publish","hentry"],"_links":{"self":[{"href":"https:\/\/batuvodkazsvetu.cz\/index.php\/wp-json\/wp\/v2\/pages\/2371","targetHints":{"allow":["GET"]}}],"collection":[{"href":"https:\/\/batuvodkazsvetu.cz\/index.php\/wp-json\/wp\/v2\/pages"}],"about":[{"href":"https:\/\/batuvodkazsvetu.cz\/index.php\/wp-json\/wp\/v2\/types\/page"}],"author":[{"embeddable":true,"href":"https:\/\/batuvodkazsvetu.cz\/index.php\/wp-json\/wp\/v2\/users\/1"}],"replies":[{"embeddable":true,"href":"https:\/\/batuvodkazsvetu.cz\/index.php\/wp-json\/wp\/v2\/comments?post=2371"}],"version-history":[{"count":48,"href":"https:\/\/batuvodkazsvetu.cz\/index.php\/wp-json\/wp\/v2\/pages\/2371\/revisions"}],"predecessor-version":[{"id":3074,"href":"https:\/\/batuvodkazsvetu.cz\/index.php\/wp-json\/wp\/v2\/pages\/2371\/revisions\/3074"}],"wp:attachment":[{"href":"https:\/\/batuvodkazsvetu.cz\/index.php\/wp-json\/wp\/v2\/media?parent=2371"}],"curies":[{"name":"wp","href":"https:\/\/api.w.org\/{rel}","templated":true}]}}