{"id":2485,"date":"2023-12-06T15:38:38","date_gmt":"2023-12-06T14:38:38","guid":{"rendered":"https:\/\/batuvodkazsvetu.cz\/?page_id=2485"},"modified":"2024-04-03T14:42:40","modified_gmt":"2024-04-03T12:42:40","slug":"blok-b-rizeni-chytrych-mesta-regionu-realita-vs-vize","status":"publish","type":"page","link":"https:\/\/batuvodkazsvetu.cz\/index.php\/blok-b-rizeni-chytrych-mesta-regionu-realita-vs-vize\/","title":{"rendered":"Blok B: \u0158\u00edzen\u00ed chytr\u00fdch m\u011bsta region\u016f: realita vs. vize"},"content":{"rendered":"\n<p><strong><em>Koncept chytr\u00fdch m\u011bst a region\u016f je st\u00e1le v\u00edce zastoupen v \u010dinnosti na\u0161ich m\u011bst a region\u016f a spolu s nimi mno\u017estv\u00ed digit\u00e1ln\u00edch \u0159e\u0161en\u00ed a nastupuj\u00edc\u00ed internet v\u011bc\u00ed a um\u011bl\u00e1 inteligence. Av\u0161ak, jsou skute\u010dn\u011b v\u0161echna \u0159e\u0161en\u00ed chytr\u00e1? Um\u00edme chytr\u00e1 m\u011bsta \u0159\u00eddit? Jak nastavit procesy \u0159\u00edzen\u00ed a rozhodov\u00e1n\u00ed v chytr\u00fdch m\u011bstech, a co ob\u010dan a n\u00e1v\u0161t\u011bvn\u00edk? A lze vyu\u017e\u00edt n\u011bkter\u00e9 p\u0159\u00edstupy Tom\u00e1\u0161e Bati p\u0159i \u0159\u00edzen\u00ed chytr\u00fdch m\u011bst?<\/em><\/strong><\/p>\n\n\n\n<h4 class=\"wp-block-heading\"><strong>Moder\u00e1tor:<\/strong><\/h4>\n\n\n\n<p><a href=\"https:\/\/batuvodkazsvetu.cz\/index.php\/blok-b-rizeni-chytrych-mesta-regionu-realita-vs-vize\/#trcka\">Luk\u00e1\u0161 TR\u010cKA<\/a><\/p>\n\n\n\n<div id=\"svitek\" class=\"wp-block-group has-global-padding is-layout-constrained wp-block-group-is-layout-constrained\">\n<figure class=\"wp-block-image alignright size-large is-resized is-style-rounded\"><img loading=\"lazy\" decoding=\"async\" width=\"1022\" height=\"1024\" src=\"https:\/\/batuvodkazsvetu.cz\/wp-content\/uploads\/2023\/12\/svitek-1022x1024.jpg\" alt=\"\" class=\"wp-image-2469\" style=\"object-fit:cover;width:150px;height:150px\" srcset=\"https:\/\/batuvodkazsvetu.cz\/wp-content\/uploads\/2023\/12\/svitek-1022x1024.jpg 1022w, https:\/\/batuvodkazsvetu.cz\/wp-content\/uploads\/2023\/12\/svitek-300x300.jpg 300w, https:\/\/batuvodkazsvetu.cz\/wp-content\/uploads\/2023\/12\/svitek-150x150.jpg 150w, https:\/\/batuvodkazsvetu.cz\/wp-content\/uploads\/2023\/12\/svitek-768x769.jpg 768w, https:\/\/batuvodkazsvetu.cz\/wp-content\/uploads\/2023\/12\/svitek-1533x1536.jpg 1533w, https:\/\/batuvodkazsvetu.cz\/wp-content\/uploads\/2023\/12\/svitek.jpg 1623w\" sizes=\"auto, (max-width: 1022px) 100vw, 1022px\" \/><\/figure>\n\n\n\n<h2 class=\"wp-block-heading\"><strong>Miroslav SV\u00cdTEK<\/strong> <strong>&#8211; \u010cVUT Praha<\/strong><\/h2>\n\n\n\n<p>Miroslav Sv\u00edtek spojil svoji profesn\u00ed dr\u00e1hu s Fakultou dopravn\u00ed, \u010cVUT, kde byl v roce 2002 jmenov\u00e1n docentem a n\u00e1sledn\u011b v roce 2008 profesorem. V obdob\u00ed 2010 a\u017e 2018 zast\u00e1val funkci d\u011bkana a v sou\u010dasn\u00e9 dob\u011b p\u016fsob\u00ed jako prod\u011bkan pro strategii a vn\u011bj\u0161\u00ed vztahy.<\/p>\n\n\n\n<p>P\u0159edn\u00e1\u0161\u00ed tak\u00e9 na Univerzit\u011b Mat\u011bja Bela v Bansk\u00e9 Bystrici, je hostuj\u00edc\u00edm profesorem na University of Texas at El Paso (UTEP) v USA, \u010destn\u00fdm profesorem na Universidad Autonoma de Bucaramanga (UNAB) v Kolumbii, \u010dlenem In\u017een\u00fdrsk\u00e9 akademie \u010cR, \u010dlenem n\u011bkolika V\u011bdeck\u00fdch rad v\u010detn\u011b V\u011bdeck\u00e9 rady \u010cVUT, V\u011bdeck\u00e9 rady Fakulty dopravn\u00ed \u010cVUT, V\u011bdeck\u00e9 rady \u010cesk\u00e9ho institutu informatiky, robotiky a kybernetiky, nebo V\u011bdeck\u00e9 rady UTB ve Zl\u00edn\u011b.<\/p>\n\n\n\n<p>V roce 2008 z\u00edskal zlatou Felberovu medaili za rozvoj \u010cVUT a v roce 2010 st\u0159\u00edbrnou medaili Univerzity Mat\u011bja Bela za budov\u00e1n\u00ed oboru Informatika. V roce 2015 se stal historicky prvn\u00edm prezidentem Czech Smart City Cluster. V roce 2019 mu byla ud\u011blena cena ministryn\u011b pro m\u00edstn\u00ed rozvoj Osobnost Smart City.<\/p>\n\n\n\n<p>V oblasti aplikovan\u00e9ho v\u00fdzkumu se zam\u011b\u0159uje na n\u00e1vrh a implementaci komplexn\u00edch syst\u00e9m\u016f jako jsou &#8222;Inteligent Transport Systems&#8220;, &#8222;Smart Cities&#8220; nebo &#8222;Smart Regions&#8220;. Pod\u00edlel se na veden\u00ed mnoha n\u00e1rodn\u00edch i mezin\u00e1rodn\u00edch projekt\u016f v\u011bdy a v\u00fdzkumu. Je autorem \u010di spoluautorem v\u00edce ne\u017e 200 odborn\u00fdch publikac\u00ed a deseti monografi\u00ed.<\/p>\n\n\n\n<p>P\u0159i p\u0159\u00edle\u017eitosti oslav 20 let Fakulty dopravn\u00ed, \u010cVUT nato\u010dil s\u00f3lov\u00e9 album \u201eAcorde\u00f3n Encantador\u201c. V r\u00e1mci oslav 25 let Fakulty dopravn\u00ed zalo\u017eil spolu s prof. Ond\u0159ejem P\u0159ibylem (violoncello) \u201eDuo Professores\u201c, kter\u00e9 nahr\u00e1lo skladby argentinsk\u00e9ho autora Astora Piazzolly.<\/p>\n<\/div>\n\n\n\n<div id=\"zezulkova\" class=\"wp-block-group has-global-padding is-layout-constrained wp-block-group-is-layout-constrained\">\n<figure class=\"wp-block-image alignright size-full is-resized is-style-rounded\"><img loading=\"lazy\" decoding=\"async\" width=\"150\" height=\"150\" src=\"https:\/\/batuvodkazsvetu.cz\/wp-content\/uploads\/2023\/12\/zezulkova.jpg\" alt=\"\" class=\"wp-image-2463\" style=\"object-fit:cover;width:150px;height:150px\"\/><\/figure>\n\n\n\n<h2 class=\"wp-block-heading\"><strong>Marie ZEZULKOV\u00c1<\/strong> <strong>&#8211; Veletrhy Brno, a.s.<\/strong><\/h2>\n\n\n\n<p>Marie Zezulkov\u00e1, nez\u00e1visl\u00e1 expertka pro oblast pl\u00e1nov\u00e1n\u00ed m\u011bst, je absolventkou doktorandsk\u00e9ho studia v oblasti urb\u00e1nn\u00edho a region\u00e1ln\u00edho rozvoje na FA VUT Brno a sou\u010dasn\u011b na Institut Francaise d\u00b4Urbanisme de Paris. Dlouho zast\u00e1vala funkci vedouc\u00ed Kancel\u00e1\u0159e strategie m\u011bsta Magistr\u00e1tu m\u011bsta Brna, pod\u00edlela se na rozvoji inova\u010dn\u00edho ekosyst\u00e9mu Jihomoravsk\u00e9ho kraje. N\u00e1sledn\u011b byla \u0159editelkou N\u00e1rodn\u00edho centra energetick\u00fdch \u00faspor v Praze. V pozici \u0159editelky Odboru region\u00e1ln\u00ed politiky na Ministerstvu pro m\u00edstn\u00ed rozvoj vedla pracovn\u00ed skupinu pro Smart Cities. Ve spole\u010dnosti Geomet (\u010dlen skupiny \u010cEZ) se pod\u00edlela na \u0159\u00edzen\u00ed strategick\u00e9ho projektu t\u011b\u017eby a zpracov\u00e1n\u00ed lithia na C\u00ednovci. Je \u010dlenkou Spr\u00e1vn\u00ed rady Masarykovy univerzity v Brn\u011b a v\u011bdeck\u00fdch rad i odborn\u00fdch pracovn\u00edch skupin v \u010cR i v zahrani\u010d\u00ed.<\/p>\n<\/div>\n\n\n\n<div id=\"habuda\" class=\"wp-block-group has-global-padding is-layout-constrained wp-block-group-is-layout-constrained\">\n<figure class=\"wp-block-image alignright size-full is-resized is-style-rounded\"><img loading=\"lazy\" decoding=\"async\" width=\"150\" height=\"150\" src=\"https:\/\/batuvodkazsvetu.cz\/wp-content\/uploads\/2023\/12\/habuda.jpg\" alt=\"\" class=\"wp-image-2464\" style=\"object-fit:cover;width:150px;height:150px\"\/><\/figure>\n\n\n\n<h2 class=\"wp-block-heading\"><strong>Martin HABUDA<\/strong> <strong>\u2013 Statut\u00e1rn\u00ed m\u011bsto Zl\u00edn<\/strong><\/h2>\n\n\n\n<p>Martin Habuda je od roku 2021 vedouc\u00edm odd\u011blen\u00ed koordinace projekt\u016f Magistr\u00e1tu m\u011bsta Zl\u00edna. Zab\u00fdv\u00e1 se strategick\u00fdm pl\u00e1nov\u00e1n\u00edm, p\u0159\u00edpravou rozvojov\u00fdch projekt\u016f a dota\u010dn\u00edm managementem. D\u00e1le tak\u00e9 spolupracuje na \u0159\u00edzen\u00ed n\u00e1stroje Integrovan\u00fdch teritori\u00e1ln\u00edch investic Zl\u00ednsk\u00e9 aglomerace pro obdob\u00ed 2021\u20132027 a aktivn\u011b rozv\u00edj\u00ed partnerstv\u00ed m\u011bsta Zl\u00edna s \u0159adou dal\u0161\u00edch subjekt\u016f a osob. Sv\u00e9 zapojen\u00ed v n\u011bkolika v\u00fdborech, komis\u00edch a pracovn\u00edch skupin\u00e1ch na \u00farovni st\u00e1tu, kraje a Svazu m\u011bst a obc\u00ed \u010cR se sna\u017e\u00ed vyu\u017e\u00edt k pos\u00edlen\u00ed strategick\u00e9ho rozvoje m\u011bst. Ve sv\u00e9 pr\u00e1ci usiluje o uplat\u0148ov\u00e1n\u00ed princip\u016f konceptu Smart City.<\/p>\n<\/div>\n\n\n\n<div id=\"kral\" class=\"wp-block-group has-global-padding is-layout-constrained wp-block-group-is-layout-constrained\">\n<figure class=\"wp-block-image alignright size-full is-resized is-style-rounded\"><img loading=\"lazy\" decoding=\"async\" width=\"255\" height=\"256\" src=\"https:\/\/batuvodkazsvetu.cz\/wp-content\/uploads\/2023\/12\/kral.jpg\" alt=\"\" class=\"wp-image-2466\" style=\"object-fit:cover;width:150px;height:150px\" srcset=\"https:\/\/batuvodkazsvetu.cz\/wp-content\/uploads\/2023\/12\/kral.jpg 255w, https:\/\/batuvodkazsvetu.cz\/wp-content\/uploads\/2023\/12\/kral-150x150.jpg 150w\" sizes=\"auto, (max-width: 255px) 100vw, 255px\" \/><\/figure>\n\n\n\n<h2 class=\"wp-block-heading\"><strong>V\u00edt KR\u00c1L<\/strong> <strong>&#8211; FLOWBOX s.r.o.<\/strong><\/h2>\n\n\n\n<p>V\u00edt Kr\u00e1l, zn\u00e1m\u00fd tak\u00e9 jako jiho\u010desk\u00fd V\u00ed\u0165a, se dlouhodob\u011b zaj\u00edm\u00e1 o rozvoj region\u016f. Svou kari\u00e9ru za\u010dal v Milevsku, kde vedl organiza\u010dn\u00ed slo\u017eku \u017div\u00e9 Milevsko Smart region, kter\u00e1 se zam\u011b\u0159ovala na Smart aktivity, rozvoj \u00fazem\u00ed a podporu podnikavosti a podnik\u00e1n\u00ed.<\/p>\n\n\n\n<p>V roce 2022 spole\u010dn\u011b s kolegy Rut B\u00edzkovou a Miroslavem Sv\u00edtkem zalo\u017eil Atelier \u010cesko. Tato organizace se specializuje na inovace v oblasti ve\u0159ejn\u00e9ho a region\u00e1ln\u00edho rozvoje. Je spoluautorem knihy \u201eMo\u0159e my\u0161lenek\u201c, kterou v roce 2022 vydali spole\u010dn\u011b s Miroslavem Sv\u00edtkem.<\/p>\n\n\n\n<p>V sou\u010dasn\u00e9 dob\u011b pracuje pro spole\u010dnost Flowbox jako Public Development Manager. Jeho pracovn\u00ed zam\u011b\u0159en\u00ed c\u00edl\u00ed na obchod, v\u00fdvoj a inovace pro ve\u0159ejn\u00fd a akademick\u00fd sektor, zejm\u00e9na v oblastech spojen\u00fdch s energetick\u00fdm managementem, informa\u010dn\u00edmi technologiemi a digitalizac\u00ed.<\/p>\n<\/div>\n\n\n\n<div id=\"trcka\" class=\"wp-block-group has-global-padding is-layout-constrained wp-block-group-is-layout-constrained\">\n<figure class=\"wp-block-image alignright size-full is-resized is-style-rounded\"><img loading=\"lazy\" decoding=\"async\" width=\"150\" height=\"150\" src=\"https:\/\/batuvodkazsvetu.cz\/wp-content\/uploads\/2023\/12\/trcka.jpg\" alt=\"\" class=\"wp-image-2802\" style=\"object-fit:cover;width:150px;height:150px\"\/><\/figure>\n\n\n\n<h2 class=\"wp-block-heading\"><strong>Luk\u00e1\u0161 TR\u010cKA &#8211; TIC s.r.o.<\/strong><\/h2>\n\n\n\n<p>Luk\u00e1\u0161 Tr\u010dka je od roku 2020 jednatelem Technologick\u00e9ho inova\u010dn\u00edho centra. B\u011bhem sv\u00e9 praxe si od roku 2002 vyzkou\u0161el mnoh\u00e9 profese, v\u010d. osmilet\u00e9 zku\u0161enosti s \u017eivnostensk\u00fdm podnik\u00e1n\u00edm. Po z\u00edsk\u00e1n\u00ed doktor\u00e1tu v oblasti procesn\u00edho \u0159\u00edzen\u00ed na Fakult\u011b managementu a ekonomiky Univerzity Tom\u00e1\u0161e Bati ve Zl\u00edn\u011b se v\u011bnuje konzultac\u00edm podnikatelsk\u00fdch z\u00e1m\u011br\u016f, bav\u00ed se projekty soci\u00e1ln\u00edho podnik\u00e1n\u00ed, p\u016fsob\u00ed na akademick\u00e9 p\u016fd\u011b, je nad\u0161en\u00fd ly\u017ea\u0159 a neust\u00e1le se u\u010d\u00ed roli tat\u00ednka dvou kreativn\u00edch syn\u016f.<\/p>\n<\/div>\n\n\n\n<div id=\"traub\" class=\"wp-block-group has-global-padding is-layout-constrained wp-block-group-is-layout-constrained\">\n<figure class=\"wp-block-image alignright size-full is-resized is-style-rounded\"><img loading=\"lazy\" decoding=\"async\" width=\"150\" height=\"150\" src=\"https:\/\/batuvodkazsvetu.cz\/wp-content\/uploads\/2024\/01\/traub.jpg\" alt=\"\" class=\"wp-image-2896\" style=\"object-fit:cover;width:150px;height:150px\"\/><\/figure>\n\n\n\n<h2 class=\"wp-block-heading\"><strong>Lubom\u00edr TRAUB &#8211; Zl\u00ednsk\u00fd kraj<\/strong><\/h2>\n\n\n\n<p>Lubom\u00edr Traub, MSc. je nejen modern\u00edm l\u00eddrem, ale i vizion\u00e1\u0159em, kter\u00fd spojuje zku\u0161enosti z finan\u010dn\u00edho sektoru s progresivn\u00edm pohledem na strategick\u00fd rozvoj regionu. P\u016fsobil dlouhodob\u011b v mana\u017eersk\u00fdch pozic\u00edch nadn\u00e1rodn\u00edch bank a poji\u0161\u0165oven v \u010cR i na Slovensku. Nyn\u00ed je n\u00e1m\u011bstkem hejtmana Zl\u00ednsk\u00e9ho kraje zodpov\u011bdn\u00fd za strategick\u00fd rozvoj, \u00fazemn\u00ed pl\u00e1nov\u00e1n\u00ed, cestovn\u00ed ruch a dotace. Vyu\u017e\u00edv\u00e1 tak v\u00edce ne\u017e 30let\u00e9 zku\u0161enosti z oblasti strategie \u0159\u00edzen\u00ed obchodu. Mezi jeho nejv\u00fdznamn\u011bj\u0161\u00ed aktivity z posledn\u00edho obdob\u00ed pat\u0159\u00ed realizace zas\u00eddlen\u00ed nov\u00fdch investor\u016f ve Strategick\u00e9 pr\u016fmyslov\u00e9 z\u00f3n\u011b Hole\u0161ov a rozvoj mezin\u00e1rodn\u00edho projektu Cyrilometod\u011bjsk\u00e9 stezky v r\u00e1mci cestovn\u00edho ruchu. Je p\u0159esv\u011bd\u010den, \u017ee chytr\u00e9 vyu\u017e\u00edv\u00e1n\u00ed nov\u00fdch technologi\u00ed p\u0159i \u0159\u00edzen\u00ed m\u011bst a obc\u00ed je nezbytn\u00fdm p\u0159edpokladem pro jejich efektivn\u00ed \u0159\u00edzen\u00ed a rozvoj.<\/p>\n<\/div>\n\n\n\n<div id=\"kubicek\" class=\"wp-block-group has-global-padding is-layout-constrained wp-block-group-is-layout-constrained\">\n<figure class=\"wp-block-image alignright size-full is-resized is-style-rounded\"><img loading=\"lazy\" decoding=\"async\" width=\"150\" height=\"154\" src=\"https:\/\/batuvodkazsvetu.cz\/wp-content\/uploads\/2024\/03\/Petr-Kubicek-150.jpg\" alt=\"\" class=\"wp-image-3015\" style=\"object-fit:cover;width:150px;height:150px\"\/><\/figure>\n\n\n\n<h2 class=\"wp-block-heading\"><strong>Petr Kub\u00ed\u010dek \u2013 ZRIA, a.s.<\/strong><\/h2>\n\n\n\n<p>Petr Kub\u00ed\u010dek je \u0159editel strategick\u00e9ho rozvoje nov\u00e9 krajsk\u00e9 rozvojov\u00e9 agentury ZRIA (Zlin Region Investment Agency) s c\u00edlem: Umo\u017enit lidem \u017e\u00edt lok\u00e1ln\u011b ve Zl\u00ednsk\u00e9m kraji a p\u0159itom podnikat, pracovat a p\u0159em\u00fd\u0161let glob\u00e1ln\u011b. Petr je fanou\u0161ek zjednodu\u0161ov\u00e1n\u00ed \u017eivota na v\u0161ech jeho \u00farovn\u00edch. Strategick\u00fd inov\u00e1tor, v posledn\u00ed dob\u011b nej\u010dast\u011bji k zasti\u017een\u00ed v\u0161ude tam, kde je t\u0159eba rozv\u00ed\u0159it za\u017eit\u00e9 stereotypy a nechat vyniknout lidsk\u00fd potenci\u00e1l. S odhodl\u00e1n\u00edm sob\u011b vlastn\u00edm pom\u00e1hal jako zakladatel a CEO softwarov\u00e9 spole\u010dnosti B2A zv\u00fd\u0161it r\u016fst a v\u00fdkonnost firem v nestabiln\u00edm 21. stolet\u00ed, zefektivnit procesy, udr\u017eet si kvalitn\u00ed zam\u011bstnance, a p\u0159edev\u0161\u00edm \u2013 oslovit ty budouc\u00ed. Generaci, zvyklou neztr\u00e1cet \u010das\u2026 Pod\u00edlel se na digit\u00e1ln\u00ed transformaci \u010desk\u00fdch v\u00fdrobn\u00edch, dopravn\u00edch a servisn\u00edch firem, mezi nimi\u017e byly nap\u0159\u00edklad i vizovick\u00e1 KOMA Modular nebo Ego\u00e9 z B\u00edlovic.<br>Du\u0161\u00ed i rodn\u00fdm listem Zl\u00ed\u0148an, ka\u017ed\u00fd den usiluj\u00edc\u00ed o p\u0159\u00edvlastek hrd\u00fd, kter\u00fd s nads\u00e1zkou mluv\u00ed o Zl\u00edn\u011b jako o Otci m\u011bst. S nevy\u010derpatelnou chut\u00ed pozitivn\u011b ovlivnit sv\u011bt pod\u011bd\u011bnou po d\u011bdovi, hrd\u00e9m Ba\u0165ovci, si ze v\u0161eho nejv\u00edc p\u0159eje lep\u0161\u00ed \u017eivot pro sv\u00e9 d\u011bti a d\u011bti sv\u00fdch d\u011bt\u00ed.<\/p>\n<\/div>\n","protected":false},"excerpt":{"rendered":"<p>Koncept chytr\u00fdch m\u011bst a region\u016f je st\u00e1le v\u00edce zastoupen v \u010dinnosti na\u0161ich m\u011bst a region\u016f a spolu s nimi mno\u017estv\u00ed digit\u00e1ln\u00edch \u0159e\u0161en\u00ed a nastupuj\u00edc\u00ed internet v\u011bc\u00ed a um\u011bl\u00e1 inteligence. Av\u0161ak, jsou skute\u010dn\u011b v\u0161echna \u0159e\u0161en\u00ed chytr\u00e1? Um\u00edme chytr\u00e1 m\u011bsta \u0159\u00eddit? Jak nastavit procesy \u0159\u00edzen\u00ed a rozhodov\u00e1n\u00ed v chytr\u00fdch m\u011bstech, a co ob\u010dan a n\u00e1v\u0161t\u011bvn\u00edk? A lze [&hellip;]<\/p>\n","protected":false},"author":1,"featured_media":0,"parent":0,"menu_order":0,"comment_status":"closed","ping_status":"closed","template":"","meta":{"_exactmetrics_skip_tracking":false,"_exactmetrics_sitenote_active":false,"_exactmetrics_sitenote_note":"","_exactmetrics_sitenote_category":0,"ngg_post_thumbnail":0,"footnotes":""},"class_list":["post-2485","page","type-page","status-publish","hentry"],"_links":{"self":[{"href":"https:\/\/batuvodkazsvetu.cz\/index.php\/wp-json\/wp\/v2\/pages\/2485","targetHints":{"allow":["GET"]}}],"collection":[{"href":"https:\/\/batuvodkazsvetu.cz\/index.php\/wp-json\/wp\/v2\/pages"}],"about":[{"href":"https:\/\/batuvodkazsvetu.cz\/index.php\/wp-json\/wp\/v2\/types\/page"}],"author":[{"embeddable":true,"href":"https:\/\/batuvodkazsvetu.cz\/index.php\/wp-json\/wp\/v2\/users\/1"}],"replies":[{"embeddable":true,"href":"https:\/\/batuvodkazsvetu.cz\/index.php\/wp-json\/wp\/v2\/comments?post=2485"}],"version-history":[{"count":13,"href":"https:\/\/batuvodkazsvetu.cz\/index.php\/wp-json\/wp\/v2\/pages\/2485\/revisions"}],"predecessor-version":[{"id":3050,"href":"https:\/\/batuvodkazsvetu.cz\/index.php\/wp-json\/wp\/v2\/pages\/2485\/revisions\/3050"}],"wp:attachment":[{"href":"https:\/\/batuvodkazsvetu.cz\/index.php\/wp-json\/wp\/v2\/media?parent=2485"}],"curies":[{"name":"wp","href":"https:\/\/api.w.org\/{rel}","templated":true}]}}