{"id":2538,"date":"2023-12-07T22:39:06","date_gmt":"2023-12-07T21:39:06","guid":{"rendered":"https:\/\/batuvodkazsvetu.cz\/?page_id=2538"},"modified":"2024-03-22T15:04:25","modified_gmt":"2024-03-22T14:04:25","slug":"doprovodny-program","status":"publish","type":"page","link":"https:\/\/batuvodkazsvetu.cz\/index.php\/doprovodny-program\/","title":{"rendered":"Doprovodn\u00fd program"},"content":{"rendered":"\n\n\n<div id=\"kreativita\" class=\"wp-block-group has-global-padding is-layout-constrained wp-block-group-is-layout-constrained\">\n<h2 class=\"wp-block-heading has-primary-color has-text-color\">Vyu\u017eit\u00ed kreativity v pr\u016fmyslu<\/h2>\n\n\n\n<p>V\u00fdstava je uk\u00e1zkou s\u00e9riov\u011b vyr\u00e1b\u011bn\u00fdch v\u00fdrobk\u016f, stroj\u016f a za\u0159\u00edzen\u00ed, jejich\u017e design byl vytvo\u0159en pro \u010desk\u00e9 a slovensk\u00e9 v\u00fdrobce. P\u0159edstav\u00ed n\u00e1v\u0161t\u011bvn\u00edkovi novou estetickou hodnotu (v porovn\u00e1n\u00ed se star\u00fdm designem) produkt\u016f a sou\u010dasn\u011b n\u011bkter\u00e9 aspekty, kter\u00e9 form\u00e1ln\u00ed pojet\u00ed produkt\u016f, tedy tvorbu jejich designu ovlivnily. Mezi n\u011b pat\u0159\u00ed p\u0159edev\u0161\u00edm c\u00edlov\u00e9 skupiny a prost\u0159ed\u00ed, v n\u011bm\u017e jsou produkty pou\u017e\u00edv\u00e1ny a jejich diverzita, ale tak\u00e9 jejich funkce, v\u00fdrobn\u00ed technologick\u00e9 postupy \u010di bezpe\u010dnost a normy.<\/p>\n<\/div>\n\n\n\n<div id=\"prvni\" class=\"wp-block-group has-global-padding is-layout-constrained wp-block-group-is-layout-constrained\">\n<h2 class=\"wp-block-heading has-primary-color has-text-color\">V\u00fdstava \u201eBu\u010f prvn\u00edm!\u201c<\/h2>\n\n\n\n<p>Ikonick\u00e9 ba\u0165ovsk\u00e9 heslo \u201eBu\u010f prvn\u00edm!\u201c vzbuzuje v lidech rozd\u00edln\u00e9 emoce. Co vlastn\u011b znamen\u00e1 b\u00fdt prvn\u00edm? Je to sout\u011b\u017eivost? Tlak na v\u00fdkon? Nutnost dosahovat v\u00fdsledk\u016f? Pot\u0159eba vyhr\u00e1t? Zkuste si to heslo p\u0159e\u010d\u00edst je\u0161t\u011b jednou a vylo\u017ete si ho ba\u0165ovsky: \u201eBu\u010f prvn\u00edm!\u201c \u2013 neboli, najdi odvahu ud\u011blat krok jin\u00fdm sm\u011brem, ne\u017e jde v\u011bt\u0161ina. Hledej, nevzd\u00e1vej se, neboj se zm\u011b\u0148. V\u00fdstava \u201eBu\u010f prvn\u00edm!\u201c p\u0159edstavuje pr\u016fkopnick\u00e9 aktivy, kter\u00e9 proslavily Zl\u00edn celosv\u011btov\u011b a p\u0159ipom\u00edn\u00e1 Tom\u00e1\u0161e Ba\u0165u zp\u016fsobem, kter\u00fd pro n\u011bj byl tak typick\u00fdm \u2013 skrze pr\u016fkopnictv\u00ed. C\u00edlem v\u00fdstavy je definovat hlavn\u00ed pr\u016fkopnick\u00e9 aktivy firmy Ba\u0165a, kter\u00e9 ve sv\u00e9 \u010dinnosti uplatnila jako prvn\u00ed, nebo se mezi prvn\u00ed \u0159adila.<\/p>\n<\/div>\n\n\n\n<div id=\"fenomen\" class=\"wp-block-group has-global-padding is-layout-constrained wp-block-group-is-layout-constrained\">\n<h2 class=\"wp-block-heading has-primary-color has-text-color\">V\u00fdstava \u201eTv\u016frci fenom\u00e9nu Ba\u0165a\u201c<\/h2>\n\n\n\n<p>Ve firm\u011b Ba\u0165a p\u016fsobily des\u00edtky a\u017e stovky skute\u010dn\u00fdch odborn\u00edk\u016f ve sv\u00e9m oboru. Nen\u00ed \u017e\u00e1dn\u00fdm tajemstv\u00edm, \u017ee Tom\u00e1\u0161 Ba\u0165a byl proslul\u00fd svou touhou obklopovat se jen t\u011bmi nejlep\u0161\u00edmi. Jm\u00e9na mnoh\u00fdch z nich jsou v\u0161ak zapomenuta, proto\u017ee kdy\u017e se \u0159ekne Ba\u0165a, okam\u017eit\u011b se \u010dlov\u011bku vybav\u00ed zakladatel Tom\u00e1\u0161, n\u00e1sledn\u011b Jan Anton\u00edn nebo Tom\u00e1\u0161 junior. Kdykoliv ale samotn\u00fd Tom\u00e1\u0161 Ba\u0165a hovo\u0159il o firm\u011b, \u0159\u00edkal: \u201ena\u0161e boty, na\u0161i z\u00e1kazn\u00edci, na\u0161e cokoliv\u201c \u2013 firmu nepova\u017eoval za svou a apeloval i na sv\u00e9 n\u00e1sledovn\u00edky ve sv\u00e9 mor\u00e1ln\u00ed z\u00e1v\u011bti, aby v tomto pojet\u00ed pokra\u010dovali. V\u00fdstava \u201eTv\u016frci fenom\u00e9nu Ba\u0165a\u201c p\u0159edstavuje t\u00e9m\u011b\u0159 p\u011bt des\u00edtek osobnost\u00ed, a to v\u010detn\u011b n\u011bkolika d\u016fle\u017eit\u00fdch \u017een. \u0160irok\u00e1 ve\u0159ejnost se m\u016f\u017ee sezn\u00e1mit s jejich za\u010d\u00e1tky u firmy Ba\u0165a, kariern\u00edm r\u016fstem i jejich p\u0159\u00ednosem pro fenom\u00e9n Ba\u0165a.<\/p>\n<\/div>\n\n\n\n<div id=\"zlin\" class=\"wp-block-group has-global-padding is-layout-constrained wp-block-group-is-layout-constrained\">\n<h2 class=\"wp-block-heading has-primary-color has-text-color\">V\u00fdstava \u201eTom\u00e1\u0161 Ba\u0165a a jeho Zl\u00edn\u201c<\/h2>\n\n\n\n<p>V dubnu leto\u0161n\u00edho roku byla ve Svitav\u00e1ch otev\u0159ena nov\u00e1 ba\u0165ovsk\u00e1 v\u00fdstava s n\u00e1zvem \u201eTom\u00e1\u0161 Ba\u0165a a jeho Zl\u00edn\u201c. Mo\u017en\u00e1 v\u00e1s napadla ot\u00e1zka, pro\u010d pr\u00e1v\u011b ve Svitav\u00e1ch. Odkaz Ba\u0165a oslovuje mnoh\u00e9 a oslovil tak\u00e9 mladou studentku Univerzity Tom\u00e1\u0161e Bati ve Zl\u00edn\u011b, nad\u011bjnou grafi\u010dku \u2013 Janu \u0160iv\u00e1kovou, kter\u00e1 je roda\u010dkou pr\u00e1v\u011b ze Svitav. Jana v prvn\u00edm ro\u010dn\u00edku nav\u0161t\u011bvovala p\u0159edm\u011bt Syst\u00e9m \u0159\u00edzen\u00ed Ba\u0165a, kde se v\u016fbec poprv\u00e9 potkala s odkazem a filozofi\u00ed Ba\u0165a, a to ji uchv\u00e1tilo natolik, \u017ee se rozhodla v r\u00e1mci sv\u00e9ho studia vytvo\u0159it panelovou v\u00fdstavu o Tom\u00e1\u0161i Ba\u0165ovi, jeho odkazu a \u017eivot\u011b ve Zl\u00edn\u011b. Objevte \u017eivot a d\u00edlo jednoho z nejv\u00fdznamn\u011bj\u0161\u00edch podnikatel\u016f v \u010deskoslovensk\u00e9 historii.<\/p>\n<\/div>\n\n\n\n<div id=\"koutek\" class=\"wp-block-group has-global-padding is-layout-constrained wp-block-group-is-layout-constrained\">\n<h2 class=\"wp-block-heading has-primary-color has-text-color\">Ba\u0165ovsk\u00fd \u010dtec\u00ed koutek<\/h2>\n\n\n\n<p>V r\u00e1mci konference \u201eBa\u0165\u016fv odkaz sv\u011btu\u201c se m\u016f\u017eete t\u011b\u0161it na zcela jedine\u010dn\u00e9 odpo\u010dinkov\u00e9 m\u00edsto, a sice takzvan\u00fd ba\u0165ovsk\u00fd \u010dtec\u00ed koutek, ve kter\u00e9m se budete moct sezn\u00e1mit jak s dobovou, tak i sou\u010dasnou ba\u0165ovskou literaturou. K prolistov\u00e1n\u00ed pro v\u00e1s budou p\u0159ipraveny autentick\u00e9 noviny i v\u00fdznamn\u00e9 origin\u00e1ly tiskovin z firmy Ba\u0165a. Sou\u010d\u00e1st\u00ed \u010dtec\u00edho koutu pak bude tak\u00e9 prodej ba\u0165ovsk\u00e9 literatury a zbo\u017e\u00ed s tematikou Ba\u0165a.<\/p>\n<\/div>\n\n\n\n<div id=\"fabrika\" class=\"wp-block-group has-global-padding is-layout-constrained wp-block-group-is-layout-constrained\">\n<h2 class=\"wp-block-heading has-primary-color has-text-color\">Pr\u016fmyslov\u00e1 fabrika<\/h2>\n\n\n\n<p>Prezentace v\u00fdvoje Ba\u0165ov\u00fdch z\u00e1vod\u016f dopln\u011bn\u00e1 modern\u00edmi digit\u00e1ln\u00edmi technologiemi pro podporu organizace a \u0159\u00edzen\u00ed v\u00fdrobn\u00edch proces\u016f. Sou\u010d\u00e1st\u00ed je i prezentace ergonomick\u00fdch novinek, vyv\u00edjen\u00fdch na \u00dastavu pr\u016fmyslov\u00e9ho in\u017een\u00fdrstv\u00ed a informa\u010dn\u00edch syst\u00e9m\u016f, Fakulta managementu a ekonomiky, Univerzita Tom\u00e1\u0161e Bati ve Zl\u00edn\u011b.<\/p>\n<\/div>\n\n\n\n<div id=\"centrum\" class=\"wp-block-group has-global-padding is-layout-constrained wp-block-group-is-layout-constrained\">\n<h2 class=\"wp-block-heading has-primary-color has-text-color\">Centrum v\u00fdzkumu obouv\u00e1n\u00ed: Diagnostika pohybov\u00e9ho apar\u00e1tu<\/h2>\n\n\n\n<p><em>Centrum bude v&nbsp;dob\u011b kon\u00e1n\u00ed konference prezentovat sou\u010dasn\u00e9 trendy a technologie z&nbsp;pohledu posuzov\u00e1n\u00ed a m\u011b\u0159en\u00ed chodidel. Z\u00e1jemci se mohou t\u011b\u0161it na mo\u017enost komplexn\u00ed diagnostiky chodidel jako celku a odbornou konzultaci s&nbsp;n\u00e1vrhem konkr\u00e9tn\u00edho \u0159e\u0161en\u00ed na m\u00edru.<\/em><\/p>\n\n\n\n<p><em>Centrum v\u00fdzkumu obouv\u00e1n\u00ed<\/em> Univerzity Tom\u00e1\u0161e Bati ve Zl\u00edn\u011b je v\u00fdzkumnou jednotkou s&nbsp;celosv\u011btovou p\u016fsobnost\u00ed pro v\u00fdzkum, v\u00fdvoj a testov\u00e1n\u00ed obuvnick\u00fdch materi\u00e1l\u016f, technologi\u00ed a designu. Z\u00e1kladn\u00ed filozofi\u00ed centra je navrhovat zdravou, funk\u010dn\u00ed a komfortn\u00ed obuv, kter\u00e1 bude spl\u0148ovat po\u017eadavky dne\u0161n\u00edch z\u00e1kazn\u00edk\u016f. V oblasti technologick\u00e9 se centrum zam\u011b\u0159uje na v\u00fdvoj a v\u00fdzkum nov\u00fdch materi\u00e1l\u016f pro obuvnick\u00fd pr\u016fmysl p\u0159edev\u0161\u00edm v&nbsp;oblasti 3D a 4D technologi\u00ed, hi-tech materi\u00e1l\u016f a smart inovac\u00ed. V\u0161echny inovace koresponduj\u00ed s&nbsp;nejnov\u011bj\u0161\u00edmi trendy v&nbsp;oblasti obuvnictv\u00ed a eco-friendly d\u016frazem na produkt i samotn\u00fd v\u00fdrobn\u00ed proces.<\/p>\n\n\n\n<p><em>Laborato\u0159 diagnostiky pohybov\u00e9ho apar\u00e1tu<\/em> se po odborn\u00e9 str\u00e1nce zam\u011b\u0159uje nejen na spr\u00e1vnou funkci a postaven\u00ed nohou a chodidel a jejich zhodnocen\u00ed ve statick\u00e9 i dynamick\u00e9 z\u00e1t\u011b\u017ei, ale tak\u00e9 na kompletn\u00ed diagnostiku a poradenstv\u00ed s\u00a0n\u00e1vrhy konkr\u00e9tn\u00edho \u0159e\u0161en\u00ed na m\u00edru.<\/p>\n\n\n\n<p><\/p>\n\n\n\n<figure class=\"wp-block-image aligncenter size-large\"><img loading=\"lazy\" decoding=\"async\" width=\"1024\" height=\"684\" src=\"https:\/\/batuvodkazsvetu.cz\/wp-content\/uploads\/2024\/03\/FRC_9-1024x684.jpg\" alt=\"\" class=\"wp-image-3009\" srcset=\"https:\/\/batuvodkazsvetu.cz\/wp-content\/uploads\/2024\/03\/FRC_9-1024x684.jpg 1024w, https:\/\/batuvodkazsvetu.cz\/wp-content\/uploads\/2024\/03\/FRC_9-300x200.jpg 300w, https:\/\/batuvodkazsvetu.cz\/wp-content\/uploads\/2024\/03\/FRC_9-768x513.jpg 768w, https:\/\/batuvodkazsvetu.cz\/wp-content\/uploads\/2024\/03\/FRC_9.jpg 1200w\" sizes=\"auto, (max-width: 1024px) 100vw, 1024px\" \/><\/figure>\n<\/div>\n\n\n\n<div id=\"vecer\" class=\"wp-block-group has-global-padding is-layout-constrained wp-block-group-is-layout-constrained\">\n<h2 class=\"wp-block-heading has-primary-color has-text-color\">Spole\u010densk\u00fd ve\u010der ve vile Tom\u00e1\u0161e Bati<\/h2>\n\n\n\n<p>Spole\u010densk\u00fd ve\u010der v r\u00e1mci konference \u201eBa\u0165\u016fv odkaz sv\u011btu\u201c se uskute\u010dn\u00ed v inspirativn\u00edch prostor\u00e1ch Ba\u0165ovy vily. O hudebn\u00ed program se postar\u00e1 Paper Moon Trio, d\u00e1my ze Slovenska, kter\u00e9 v\u00e1m akusticky zahraj\u00ed zn\u00e1m\u00e9 melodie ze t\u0159ic\u00e1t\u00fdch let. V p\u0159\u00e1telsk\u00e9 atmosf\u00e9\u0159e budete moct ochutnat dezerty podle receptury Marie Ba\u0165ov\u00e9, stejn\u011b jako budete sezn\u00e1meni s interi\u00e9rem vily, ve kter\u00e9 Marie spole\u010dn\u011b se sv\u00fdm mu\u017eem Tom\u00e1\u0161em \u017eila.<\/p>\n\n\n\n<p>Adresa: <a href=\"https:\/\/mapy.cz\/s\/lebojotera\" target=\"_blank\" rel=\"noreferrer noopener\">Ba\u0165ova vila, Gahurova 292, 760 01 Zl\u00edn<\/a><br>Za\u010d\u00e1tek: 19:00<\/p>\n<\/div>\n","protected":false},"excerpt":{"rendered":"<p>Vyu\u017eit\u00ed kreativity v pr\u016fmyslu V\u00fdstava je uk\u00e1zkou s\u00e9riov\u011b vyr\u00e1b\u011bn\u00fdch v\u00fdrobk\u016f, stroj\u016f a za\u0159\u00edzen\u00ed, jejich\u017e design byl vytvo\u0159en pro \u010desk\u00e9 a slovensk\u00e9 v\u00fdrobce. P\u0159edstav\u00ed n\u00e1v\u0161t\u011bvn\u00edkovi novou estetickou hodnotu (v porovn\u00e1n\u00ed se star\u00fdm designem) produkt\u016f a sou\u010dasn\u011b n\u011bkter\u00e9 aspekty, kter\u00e9 form\u00e1ln\u00ed pojet\u00ed produkt\u016f, tedy tvorbu jejich designu ovlivnily. Mezi n\u011b pat\u0159\u00ed p\u0159edev\u0161\u00edm c\u00edlov\u00e9 skupiny a prost\u0159ed\u00ed, v [&hellip;]<\/p>\n","protected":false},"author":1,"featured_media":0,"parent":0,"menu_order":0,"comment_status":"closed","ping_status":"closed","template":"","meta":{"_exactmetrics_skip_tracking":false,"_exactmetrics_sitenote_active":false,"_exactmetrics_sitenote_note":"","_exactmetrics_sitenote_category":0,"ngg_post_thumbnail":0,"footnotes":""},"class_list":["post-2538","page","type-page","status-publish","hentry"],"_links":{"self":[{"href":"https:\/\/batuvodkazsvetu.cz\/index.php\/wp-json\/wp\/v2\/pages\/2538","targetHints":{"allow":["GET"]}}],"collection":[{"href":"https:\/\/batuvodkazsvetu.cz\/index.php\/wp-json\/wp\/v2\/pages"}],"about":[{"href":"https:\/\/batuvodkazsvetu.cz\/index.php\/wp-json\/wp\/v2\/types\/page"}],"author":[{"embeddable":true,"href":"https:\/\/batuvodkazsvetu.cz\/index.php\/wp-json\/wp\/v2\/users\/1"}],"replies":[{"embeddable":true,"href":"https:\/\/batuvodkazsvetu.cz\/index.php\/wp-json\/wp\/v2\/comments?post=2538"}],"version-history":[{"count":4,"href":"https:\/\/batuvodkazsvetu.cz\/index.php\/wp-json\/wp\/v2\/pages\/2538\/revisions"}],"predecessor-version":[{"id":3010,"href":"https:\/\/batuvodkazsvetu.cz\/index.php\/wp-json\/wp\/v2\/pages\/2538\/revisions\/3010"}],"wp:attachment":[{"href":"https:\/\/batuvodkazsvetu.cz\/index.php\/wp-json\/wp\/v2\/media?parent=2538"}],"curies":[{"name":"wp","href":"https:\/\/api.w.org\/{rel}","templated":true}]}}